{"id":44850,"date":"2020-09-08T13:16:07","date_gmt":"2020-09-08T11:16:07","guid":{"rendered":"https:\/\/www.teatrostabiletorino.it\/?page_id=44850"},"modified":"2021-07-30T12:10:29","modified_gmt":"2021-07-30T10:10:29","slug":"stagione-2020-2021","status":"publish","type":"page","link":"https:\/\/www.teatrostabiletorino.it\/en\/stagione-2020-2021\/","title":{"rendered":"Season 2020 &#8211; 2021"},"content":{"rendered":"<p><div class=\"fusion-fullwidth fullwidth-box fusion-builder-row-3 nonhundred-percent-fullwidth non-hundred-percent-height-scrolling\" style=\"--awb-border-radius-top-left:0px;--awb-border-radius-top-right:0px;--awb-border-radius-bottom-right:0px;--awb-border-radius-bottom-left:0px;--awb-flex-wrap:wrap;\" ><div class=\"fusion-builder-row fusion-row\"><div class=\"fusion-layout-column fusion_builder_column fusion-builder-column-2 fusion_builder_column_1_1 1_1 fusion-one-full fusion-column-first fusion-column-last\" style=\"--awb-bg-size:cover;\"><div class=\"fusion-column-wrapper fusion-column-has-shadow fusion-flex-column-wrapper-legacy\"><div class=\"fusion-text fusion-text-1\"><p>Non avendo pi\u00f9 parole per commentare quanto di tragico \u00e8 accaduto, dedichiamo un ricordo commosso alle artiste e agli artisti che purtroppo non sono pi\u00f9 tra noi. Per onorare la loro memoria, tutto il TST non ha mai smesso di ricercare, di studiare, di creare, di produrre, di accogliere attori e maestranze nell\u2019attesa e nella speranza che arrivasse la fine della lunga apnea. Abbiamo lavorato sodo per farci trovare pronti alla riapertura e per poter offrire, nell\u2019arco di tre mesi, ventisei titoli di cui dieci nuove produzioni e sedici spettacoli ospiti&#8230;<\/p>\n<\/div><div class=\"fusion-builder-row fusion-builder-row-inner fusion-row\"><div class=\"fusion-layout-column fusion_builder_column_inner fusion-builder-nested-column-0 fusion_builder_column_inner_1_3 1_3 fusion-one-third fusion-column-first\" style=\"--awb-bg-size:cover;width:33.333333333333%;width:calc(33.333333333333% - ( ( 4% + 4% ) * 0.33333333333333 ) );margin-right: 4%;\"><div class=\"fusion-column-wrapper fusion-column-has-shadow fusion-flex-column-wrapper-legacy\"><div class=\"fusion-text fusion-text-2\"><p>Valerio Binasco<br \/>\n<em>Direttore artistico<\/em><\/p>\n<\/div><div class=\"fusion-clearfix\"><\/div><\/div><\/div><div class=\"fusion-layout-column fusion_builder_column_inner fusion-builder-nested-column-1 fusion_builder_column_inner_1_3 1_3 fusion-one-third\" style=\"--awb-bg-size:cover;width:33.333333333333%;width:calc(33.333333333333% - ( ( 4% + 4% ) * 0.33333333333333 ) );margin-right: 4%;\"><div class=\"fusion-column-wrapper fusion-column-has-shadow fusion-flex-column-wrapper-legacy\"><div class=\"fusion-text fusion-text-3\"><p>Lamberto Vallarino Gancia<br \/>\n<em>Presidente<\/em><\/p>\n<\/div><div class=\"fusion-clearfix\"><\/div><\/div><\/div><div class=\"fusion-layout-column fusion_builder_column_inner fusion-builder-nested-column-2 fusion_builder_column_inner_1_3 1_3 fusion-one-third fusion-column-last\" style=\"--awb-bg-size:cover;width:33.333333333333%;width:calc(33.333333333333% - ( ( 4% + 4% ) * 0.33333333333333 ) );\"><div class=\"fusion-column-wrapper fusion-column-has-shadow fusion-flex-column-wrapper-legacy\"><div class=\"fusion-text fusion-text-4\"><p>Filippo Fonsatti<br \/>\n<em>Direttore<\/em><\/p>\n<\/div><div class=\"fusion-clearfix\"><\/div><\/div><\/div><\/div><div class=\"accordian fusion-accordian\" style=\"--awb-border-size:1px;--awb-icon-size:13px;--awb-content-font-size:9px;--awb-icon-alignment:left;--awb-hover-color:#f9f9f9;--awb-border-color:#cccccc;--awb-background-color:#ffffff;--awb-divider-color:#e0dede;--awb-divider-hover-color:#e0dede;--awb-icon-color:#ffffff;--awb-title-color:#34684c;--awb-content-color:#3f3f3f;--awb-icon-box-color:#333333;--awb-toggle-hover-accent-color:#72856c;--awb-title-font-family:&quot;Comfortaa&quot;;--awb-title-font-weight:regular;--awb-title-font-style:normal;--awb-title-font-size:14px;--awb-content-font-family:&quot;Open Sans&quot;;--awb-content-font-style:normal;--awb-content-font-weight:regular;\"><div class=\"panel-group fusion-toggle-icon-boxed\" id=\"accordion-48098-1\"><div class=\"fusion-panel panel-default panel-faad2d54de81acdaf fusion-toggle-has-divider\"><div class=\"panel-heading\"><h4 class=\"panel-title toggle\" id=\"toggle_faad2d54de81acdaf\"><a aria-expanded=\"false\" aria-controls=\"faad2d54de81acdaf\" role=\"button\" data-toggle=\"collapse\" data-parent=\"#accordion-48098-1\" data-target=\"#faad2d54de81acdaf\" href=\"#faad2d54de81acdaf\"><span class=\"fusion-toggle-icon-wrapper\" aria-hidden=\"true\"><i class=\"fa-fusion-box active-icon awb-icon-minus\" aria-hidden=\"true\"><\/i><i class=\"fa-fusion-box inactive-icon awb-icon-plus\" aria-hidden=\"true\"><\/i><\/span><span class=\"fusion-toggle-heading\">leggi tutto<\/span><\/a><\/h4><\/div><div id=\"faad2d54de81acdaf\" class=\"panel-collapse collapse \" aria-labelledby=\"toggle_faad2d54de81acdaf\"><div class=\"panel-body toggle-content fusion-clearfix\">\n<p>La squadra di registi, interpreti e drammaturghi protagonisti del progetto produttivo \u00e8 guidata come sempre dal direttore artistico Valerio Binasco, al quale si affianca per la prima volta nel ruolo di regista residente Filippo Dini. Significativa per numero e per talento \u00e8 la componente femminile, formata dalle registe Elisabetta Mazzullo ed Elena Serra, dalle autrici Maria Teresa Berardelli, Thea Della Valle e Lorena Senestro, anche attrice. Molto attesi sono il ritorno di Gabriele Vacis e di Jurij Ferrini e il debutto di Silvio Peroni.<\/p>\n<p>Per battezzare questo nuovo incontro con il pubblico abbiamo scelto <em>Il piacere dell\u2019onest\u00e0<\/em> di Pirandello e <em>Le sedie<\/em> di Ionesco, con la regia di Binasco, che incarnano l\u2019identit\u00e0 artistica del nostro teatro e bene rappresentano il claim della stagione, \u201cdiversamente classico\u201d, proponendo una rilettura del repertorio attraverso prospettive che sappiano dialogare con il presente. Da un\u2019angolazione contemporanea prendono le mosse anche le altre tre nuove produzioni di classici in cartellone: <em>Morte di un commesso viaggiatore <\/em>di Miller, diretto e interpretato da Ferrini, <em>Risveglio di primavera<\/em> di Wedekind messo in scena da Vacis con gli attori neo diplomati della nostra Scuola, <em>Molto rumore per nulla<\/em> di Shakespeare, firmato da Peroni per Prato inglese.<\/p>\n<p>Accanto ai titoli di repertorio che riteniamo debbano costituire l\u2019asse portante della programmazione di un Teatro Nazionale, grande rilievo merita la drammaturgia dei nostri giorni. Ecco dunque <em>The Spank<\/em>, ultima creazione dello scrittore, drammaturgo e sceneggiatore anglo-pakistano Hanif Kureishi che ci ha regalato la prima assoluta affidata a Dini nel doppio ruolo di regista e interprete con Binasco. E ancora <em>10mg<\/em> della <strong>Berardelli<\/strong>, titolo vincitore del premio Hystrio, per la regia della <strong>Mazzullo; <em>Pandora<\/em>, nuovo spettacolo, ironico e senza parole, del Teatro dei Gordi; <em>La signorina felicita<\/em>, omaggio a Guido Gozzano della Senestro; <em>Staff Only<\/em>, del duo Della Valle e Serra, dedicato a ragazzi e famiglie.<\/strong><\/p>\n<p>Integrandole al robusto progetto produttivo, abbiamo riprogrammato e invitato numerose compagnie private, con il duplice obiettivo di sostenere la ripresa complessiva del comparto e di differenziare la proposta. Tra gli artisti che conferiscono prestigio al cartellone segnaliamo <strong>Gabriele Lavia<\/strong>, impegnato ne <em>Le leggi della gravit\u00e0<\/em> dal romanzo di Jean Teul\u00e9; <strong>Silvio Orlando<\/strong>, in scena con un adattamento de <em>La vita davanti a s\u00e9<\/em> di Romain Gary; <strong>Monica Guerritore<\/strong>, interprete di <em>Dall\u2019Inferno all\u2019Infinito<\/em> per l\u2019anniversario dantesco; <strong>Maria Amelia Monti<\/strong> ne <em>La parrucca<\/em> di Natalia Ginzburg; <strong>Daniele Russo<\/strong><em>, interprete de <\/em><em>Le cinque rose di Jennifer<\/em> di Annibale Ruccello.<\/p>\n<p>Oltre all\u2019orizzonte nazionale e internazionale, guardiamo sempre con attenzione al territorio di riferimento, cercando di valorizzare i talenti emergenti o gi\u00e0 affermati attivi in Citt\u00e0 e in Regione. Ecco dunque che nel mese di luglio il Teatro Gobetti sar\u00e0 interamente occupato dalla seconda edizione della rassegna \u201cSummer Plays\u201d focalizzata sulla drammaturgia contemporanea, con l\u2019obiettivo di attivare riflessioni e confronti su temi civili e sociali di grande attualit\u00e0, come la biogenetica, il cambiamento climatico, le questioni di genere, il neo razzismo, le mafie, il plagio di massa. In una programmazione serrata, si succederanno Compagnia Genovese Beltramo, Compagnia Marco Gobetti, Accademia dei Folli, Settembre Teatro, Anomalia Teatro, Asterlizze Teatro, Piccola Compagnia della Magnolia, LabPerm di Castaldo, Mulino ad Arte, Invisibile Kollettivo, Torino Fringe Festival \/ La pentola nera.<\/p>\n<p>Dopo la transizione digitale imposta dagli eventi, al nutrito cartellone fisico nei teatri se ne affianca uno virtuale su piattaforme e reti televisive, secondo un\u2019inedita offerta ibrida: tra maggio e giugno si potranno vedere su Rai 5 le due produzioni pirandelliane firmate da Dini e Binasco <em>Cos\u00ec \u00e8 (se vi pare)<\/em> e <em>Il piacere dell\u2019onest\u00e0<\/em>, mentre in streaming sui canali social saranno trasmessi <em>The Spank<\/em> di Kureishi, <em>10mg<\/em> di Berardelli e <em>Le sedie <\/em>di Ionesco.<\/p>\n<p>Dopo tutto ci\u00f2 che \u00e8 accaduto, nello svolgimento delle nostre funzioni pubbliche ci incoraggia sapere come in questi mesi di privazione la comunit\u00e0 abbia maturato la consapevolezza di quanto il teatro possa essere una forma di spiritualit\u00e0 laica che ha il suo dogma nella bellezza come valore morale.<\/p>\n<\/div><\/div><\/div><\/div><\/div><div class=\"fusion-sep-clear\"><\/div><div class=\"fusion-separator fusion-full-width-sep\" style=\"margin-left: auto;margin-right: auto;margin-top:5px;margin-bottom:5px;width:100%;\"><\/div><div class=\"fusion-sep-clear\"><\/div><div class=\"fusion-sep-clear\"><\/div><div class=\"fusion-separator fusion-full-width-sep\" style=\"margin-left: auto;margin-right: auto;margin-top:5px;margin-bottom:5px;width:100%;\"><\/div><div class=\"fusion-sep-clear\"><\/div><div class=\"fusion-text fusion-text-5\"><p><img decoding=\"async\" class=\"lazyload alignnone wp-image-44096\" src=\"data:image\/gif;base64,R0lGODlhAQABAAAAACH5BAEKAAEALAAAAAABAAEAAAICTAEAOw==\" data-orig-src=\"http:\/\/www.teatrostabiletorino.it\/wp-content\/uploads\/2020\/06\/pdf-solid.png\" alt=\"programma\" width=\"35\" height=\"\" \/><\/p>\n<h2><a href=\"https:\/\/www.teatrostabiletorino.it\/wp-content\/uploads\/2021\/04\/diversamente_classico_web.pdf\" target=\"_blank\" rel=\"noopener\">SCARICA IL PROGRAMMA IN FORMATO PDF \u00bb<\/a><\/h2>\n<\/div><div class=\"fusion-aligncenter\"><a class=\"fusion-button button-flat fusion-button-default-size button-default fusion-button-default button-2 fusion-button-default-span fusion-button-default-type\" target=\"_blank\" rel=\"noopener noreferrer\" href=\"http:\/\/www.teatrostabiletorino.it\/wp-content\/uploads\/2020\/06\/showreel_norme.pdf\"><span class=\"fusion-button-text awb-button__text awb-button__text--default\">NORME DI SICUREZZA ACCESSO ALLE SALE<\/span><\/a><\/div><style type=\"text\/css\">.fusion-portfolio-wrapper#fusion-portfolio-2 .fusion-portfolio-content{ padding: 25px 25px 25px 25px; text-align: center; }<\/style><div class=\"fusion-recent-works fusion-portfolio-element fusion-portfolio fusion-portfolio-2 fusion-portfolio-grid fusion-portfolio-paging-pagination fusion-portfolio-four fusion-portfolio-boxed fusion-portfolio-text fusion-portfolio-equal-heights fusion-portfolio-rollover\" data-id=\"-rw-2\" data-columns=\"four\"><div><ul class=\"fusion-filters\" role=\"menu\" aria-label=\"Portfolio Filters\"><li role=\"presentation\" class=\"fusion-filter fusion-hidden fusion-active\"><a href=\"#\" data-filter=\".2020-21\" role=\"menuitem\">1. 2020\/21<\/a><\/li><li role=\"presentation\" class=\"fusion-filter fusion-hidden\"><a href=\"#\" data-filter=\".carignano-20-21\" role=\"menuitem\">2. Carignano 20\/21<\/a><\/li><li role=\"presentation\" class=\"fusion-filter fusion-hidden\"><a href=\"#\" data-filter=\".3-gobetti-20-21\" role=\"menuitem\">3. Gobetti 20\/21<\/a><\/li><li role=\"presentation\" class=\"fusion-filter fusion-hidden\"><a href=\"#\" data-filter=\".fonderie_20_21\" role=\"menuitem\">4. Fonderie Limone 20\/21<\/a><\/li><li role=\"presentation\" class=\"fusion-filter fusion-hidden\"><a href=\"#\" data-filter=\".produzioni_20_21\" role=\"menuitem\">5. Produzioni 20\/21<\/a><\/li><\/ul><\/div><style type=\"text\/css\">.fusion-portfolio-2 .fusion-portfolio-wrapper .fusion-col-spacing{padding:6px;}<\/style><div class=\"fusion-portfolio-wrapper\" id=\"fusion-portfolio-2\" data-picturesize=\"fixed\" data-pages=\"1\" style=\"margin:-6px;\"><article id=\"portfolio-2-post-47684\" class=\"fusion-portfolio-post 2020-21 carignano-20-21 produzioni_20_21 fusion-col-spacing post-47684\"><div class=\"fusion-portfolio-content-wrapper\" style=\"border:1px solid #ebeaea;border-bottom-width:3px;background-color:rgba(255,255,255,0);\"><span class=\"vcard rich-snippet-hidden\"><span class=\"fn\"><a href=\"https:\/\/www.teatrostabiletorino.it\/en\/author\/silvia\/\" title=\"Posts by silvia\" rel=\"author\">silvia<\/a><\/span><\/span><span class=\"updated rich-snippet-hidden\">2021-04-30T12:44:22+02:00<\/span><div  class=\"fusion-image-wrapper fusion-image-size-fixed\" aria-haspopup=\"true\">\n\t\t\t\t<img decoding=\"async\" width=\"300\" height=\"214\" src=\"data:image\/svg+xml,%3Csvg%20xmlns%3D%27http%3A%2F%2Fwww.w3.org%2F2000%2Fsvg%27%20width%3D%27300%27%20height%3D%27214%27%20viewBox%3D%270%200%20300%20214%27%3E%3Crect%20width%3D%27300%27%20height%3D%27214%27%20fill-opacity%3D%220%22%2F%3E%3C%2Fsvg%3E\" data-orig-src=\"https:\/\/www.teatrostabiletorino.it\/wp-content\/uploads\/2021\/04\/piacere_onesta-300x214.jpg\" class=\"lazyload attachment-portfolio-three size-portfolio-three wp-post-image\" alt=\"\" \/><div class=\"fusion-rollover\">\n\t<div class=\"fusion-rollover-content\">\n\n\t\t\t\t\n\t\t\n\t\t\t\t\t\t\t\t\t\t\t\t<h4 class=\"fusion-rollover-title\">\n\t\t\t\t\t<a class=\"fusion-rollover-title-link\" href=\"https:\/\/www.teatrostabiletorino.it\/en\/cartellone\/il-piacere-dellonesta-26-aprile-9-maggio-2021\/\">\n\t\t\t\t\t\tThe Pleasure of Honesty <br>26th Apr &#8211; 9th May 2021\t\t\t\t\t<\/a>\n\t\t\t\t<\/h4>\n\t\t\t\n\t\t\t\t\t\t\t\t\n\t\t\n\t\t\t\t\t\t<a class=\"fusion-link-wrapper\" href=\"https:\/\/www.teatrostabiletorino.it\/en\/cartellone\/il-piacere-dellonesta-26-aprile-9-maggio-2021\/\" aria-label=\"The Pleasure of Honesty &lt;br&gt;26th Apr &#8211; 9th May 2021\"><\/a>\n\t<\/div>\n<\/div>\n<\/div>\n<div class=\"fusion-portfolio-content\" style=\"background-color:rgba(255,255,255,0);\"><h2 class=\"entry-title fusion-post-title\"><a href=\"https:\/\/www.teatrostabiletorino.it\/en\/cartellone\/il-piacere-dellonesta-26-aprile-9-maggio-2021\/\">The Pleasure of Honesty <br>26th Apr &#8211; 9th May 2021<\/a><\/h2><div class=\"fusion-content-sep sep-single sep-dotted\" style=\"border-color:#e0dede;\"><\/div><div class=\"fusion-post-content\"><p>This is the first time Valerio Binasco has addressed Luigi Pirandello on the Teatro Carignano stage, where Il piacere dell'onest\u00e0 <a href=\"https:\/\/www.teatrostabiletorino.it\/en\/cartellone\/il-piacere-dellonesta-26-aprile-9-maggio-2021\/\"> [+]<\/a><\/p><\/div><\/div><\/div><\/article><article id=\"portfolio-2-post-47682\" class=\"fusion-portfolio-post 2020-21 fonderie_20_21 produzioni_20_21 fusion-col-spacing post-47682\"><div class=\"fusion-portfolio-content-wrapper\" style=\"border:1px solid #ebeaea;border-bottom-width:3px;background-color:rgba(255,255,255,0);\"><span class=\"vcard rich-snippet-hidden\"><span class=\"fn\"><a href=\"https:\/\/www.teatrostabiletorino.it\/en\/author\/silvia\/\" title=\"Posts by silvia\" rel=\"author\">silvia<\/a><\/span><\/span><span class=\"updated rich-snippet-hidden\">2021-05-24T18:00:23+02:00<\/span><div  class=\"fusion-image-wrapper fusion-image-size-fixed\" aria-haspopup=\"true\">\n\t\t\t\t<img decoding=\"async\" width=\"300\" height=\"214\" src=\"data:image\/svg+xml,%3Csvg%20xmlns%3D%27http%3A%2F%2Fwww.w3.org%2F2000%2Fsvg%27%20width%3D%27300%27%20height%3D%27214%27%20viewBox%3D%270%200%20300%20214%27%3E%3Crect%20width%3D%27300%27%20height%3D%27214%27%20fill-opacity%3D%220%22%2F%3E%3C%2Fsvg%3E\" data-orig-src=\"https:\/\/www.teatrostabiletorino.it\/wp-content\/uploads\/2021\/04\/lesedie-300x214.jpg\" class=\"lazyload attachment-portfolio-three size-portfolio-three wp-post-image\" alt=\"\" \/><div class=\"fusion-rollover\">\n\t<div class=\"fusion-rollover-content\">\n\n\t\t\t\t\n\t\t\n\t\t\t\t\t\t\t\t\t\t\t\t<h4 class=\"fusion-rollover-title\">\n\t\t\t\t\t<a class=\"fusion-rollover-title-link\" href=\"https:\/\/www.teatrostabiletorino.it\/en\/cartellone\/le-sedie-27-aprile-16-maggio\/\">\n\t\t\t\t\t\tThe Chairs<br>27th Apr &#8211; 16 May 2021\t\t\t\t\t<\/a>\n\t\t\t\t<\/h4>\n\t\t\t\n\t\t\t\t\t\t\t\t\n\t\t\n\t\t\t\t\t\t<a class=\"fusion-link-wrapper\" href=\"https:\/\/www.teatrostabiletorino.it\/en\/cartellone\/le-sedie-27-aprile-16-maggio\/\" aria-label=\"The Chairs&lt;br&gt;27th Apr &#8211; 16 May 2021\"><\/a>\n\t<\/div>\n<\/div>\n<\/div>\n<div class=\"fusion-portfolio-content\" style=\"background-color:rgba(255,255,255,0);\"><h2 class=\"entry-title fusion-post-title\"><a href=\"https:\/\/www.teatrostabiletorino.it\/en\/cartellone\/le-sedie-27-aprile-16-maggio\/\">The Chairs<br>27th Apr &#8211; 16 May 2021<\/a><\/h2><div class=\"fusion-content-sep sep-single sep-dotted\" style=\"border-color:#e0dede;\"><\/div><div class=\"fusion-post-content\"><p>Valerio Binasco presents Eug\u00e8ne Ionesco's The Chairs, a classic that still shatters all the conventions that underpin our daily lives. <a href=\"https:\/\/www.teatrostabiletorino.it\/en\/cartellone\/le-sedie-27-aprile-16-maggio\/\"> [+]<\/a><\/p><\/div><\/div><\/div><\/article><article id=\"portfolio-2-post-44884\" class=\"fusion-portfolio-post 2020-21 3-gobetti-20-21 fusion-col-spacing post-44884\"><div class=\"fusion-portfolio-content-wrapper\" style=\"border:1px solid #ebeaea;border-bottom-width:3px;background-color:rgba(255,255,255,0);\"><span class=\"vcard rich-snippet-hidden\"><span class=\"fn\"><a href=\"https:\/\/www.teatrostabiletorino.it\/en\/author\/silvia\/\" title=\"Posts by silvia\" rel=\"author\">silvia<\/a><\/span><\/span><span class=\"updated rich-snippet-hidden\">2021-05-17T10:55:41+02:00<\/span><div  class=\"fusion-image-wrapper fusion-image-size-fixed\" aria-haspopup=\"true\">\n\t\t\t\t<img decoding=\"async\" width=\"300\" height=\"214\" src=\"data:image\/svg+xml,%3Csvg%20xmlns%3D%27http%3A%2F%2Fwww.w3.org%2F2000%2Fsvg%27%20width%3D%27300%27%20height%3D%27214%27%20viewBox%3D%270%200%20300%20214%27%3E%3Crect%20width%3D%27300%27%20height%3D%27214%27%20fill-opacity%3D%220%22%2F%3E%3C%2Fsvg%3E\" data-orig-src=\"https:\/\/www.teatrostabiletorino.it\/wp-content\/uploads\/2021\/04\/parrucca-300x214.jpg\" class=\"lazyload attachment-portfolio-three size-portfolio-three wp-post-image\" alt=\"\" \/><div class=\"fusion-rollover\">\n\t<div class=\"fusion-rollover-content\">\n\n\t\t\t\t\n\t\t\n\t\t\t\t\t\t\t\t\t\t\t\t<h4 class=\"fusion-rollover-title\">\n\t\t\t\t\t<a class=\"fusion-rollover-title-link\" href=\"https:\/\/www.teatrostabiletorino.it\/en\/cartellone\/la-parrucca-4-9-mag2021\/\">\n\t\t\t\t\t\tThe Wig <br> 4 &#8211; 9 May 2021\t\t\t\t\t<\/a>\n\t\t\t\t<\/h4>\n\t\t\t\n\t\t\t\t\t\t\t\t\n\t\t\n\t\t\t\t\t\t<a class=\"fusion-link-wrapper\" href=\"https:\/\/www.teatrostabiletorino.it\/en\/cartellone\/la-parrucca-4-9-mag2021\/\" aria-label=\"The Wig &lt;br&gt; 4 &#8211; 9 May 2021\"><\/a>\n\t<\/div>\n<\/div>\n<\/div>\n<div class=\"fusion-portfolio-content\" style=\"background-color:rgba(255,255,255,0);\"><h2 class=\"entry-title fusion-post-title\"><a href=\"https:\/\/www.teatrostabiletorino.it\/en\/cartellone\/la-parrucca-4-9-mag2021\/\">The Wig <br> 4 &#8211; 9 May 2021<\/a><\/h2><div class=\"fusion-content-sep sep-single sep-dotted\" style=\"border-color:#e0dede;\"><\/div><div class=\"fusion-post-content\"><p>A show that stems from two stories by Natalia Ginzburg, almost two episodes in the life of a disastrous couple, <a href=\"https:\/\/www.teatrostabiletorino.it\/en\/cartellone\/la-parrucca-4-9-mag2021\/\"> [+]<\/a><\/p><\/div><\/div><\/div><\/article><article id=\"portfolio-2-post-44867\" class=\"fusion-portfolio-post 2020-21 carignano-20-21 produzioni_20_21 fusion-col-spacing post-44867\"><div class=\"fusion-portfolio-content-wrapper\" style=\"border:1px solid #ebeaea;border-bottom-width:3px;background-color:rgba(255,255,255,0);\"><span class=\"vcard rich-snippet-hidden\"><span class=\"fn\"><a href=\"https:\/\/www.teatrostabiletorino.it\/en\/author\/silvia\/\" title=\"Posts by silvia\" rel=\"author\">silvia<\/a><\/span><\/span><span class=\"updated rich-snippet-hidden\">2021-05-31T10:08:14+02:00<\/span><div  class=\"fusion-image-wrapper fusion-image-size-fixed\" aria-haspopup=\"true\">\n\t\t\t\t<img decoding=\"async\" width=\"300\" height=\"214\" src=\"data:image\/svg+xml,%3Csvg%20xmlns%3D%27http%3A%2F%2Fwww.w3.org%2F2000%2Fsvg%27%20width%3D%27300%27%20height%3D%27214%27%20viewBox%3D%270%200%20300%20214%27%3E%3Crect%20width%3D%27300%27%20height%3D%27214%27%20fill-opacity%3D%220%22%2F%3E%3C%2Fsvg%3E\" data-orig-src=\"https:\/\/www.teatrostabiletorino.it\/wp-content\/uploads\/2021\/04\/the_spank-300x214.jpg\" class=\"lazyload attachment-portfolio-three size-portfolio-three wp-post-image\" alt=\"\" \/><div class=\"fusion-rollover\">\n\t<div class=\"fusion-rollover-content\">\n\n\t\t\t\t\n\t\t\n\t\t\t\t\t\t\t\t\t\t\t\t<h4 class=\"fusion-rollover-title\">\n\t\t\t\t\t<a class=\"fusion-rollover-title-link\" href=\"https:\/\/www.teatrostabiletorino.it\/en\/cartellone\/the-spank-torino\/\">\n\t\t\t\t\t\tThe Spank <br>11 &#8211; 30 mag 2021\t\t\t\t\t<\/a>\n\t\t\t\t<\/h4>\n\t\t\t\n\t\t\t\t\t\t\t\t\n\t\t\n\t\t\t\t\t\t<a class=\"fusion-link-wrapper\" href=\"https:\/\/www.teatrostabiletorino.it\/en\/cartellone\/the-spank-torino\/\" aria-label=\"The Spank &lt;br&gt;11 &#8211; 30 mag 2021\"><\/a>\n\t<\/div>\n<\/div>\n<\/div>\n<div class=\"fusion-portfolio-content\" style=\"background-color:rgba(255,255,255,0);\"><h2 class=\"entry-title fusion-post-title\"><a href=\"https:\/\/www.teatrostabiletorino.it\/en\/cartellone\/the-spank-torino\/\">The Spank <br>11 &#8211; 30 mag 2021<\/a><\/h2><div class=\"fusion-content-sep sep-single sep-dotted\" style=\"border-color:#e0dede;\"><\/div><div class=\"fusion-post-content\"><p>A major highlight in the Stabile\u2019s season: Filippo Dini\u2019s new production and the world premiere of the latest play by <a href=\"https:\/\/www.teatrostabiletorino.it\/en\/cartellone\/the-spank-torino\/\"> [+]<\/a><\/p><\/div><\/div><\/div><\/article><article id=\"portfolio-2-post-44877\" class=\"fusion-portfolio-post 2020-21 3-gobetti-20-21 produzioni_20_21 fusion-col-spacing post-44877\"><div class=\"fusion-portfolio-content-wrapper\" style=\"border:1px solid #ebeaea;border-bottom-width:3px;background-color:rgba(255,255,255,0);\"><span class=\"vcard rich-snippet-hidden\"><span class=\"fn\"><a href=\"https:\/\/www.teatrostabiletorino.it\/en\/author\/silvia\/\" title=\"Posts by silvia\" rel=\"author\">silvia<\/a><\/span><\/span><span class=\"updated rich-snippet-hidden\">2021-05-27T16:28:00+02:00<\/span><div  class=\"fusion-image-wrapper fusion-image-size-fixed\" aria-haspopup=\"true\">\n\t\t\t\t<img decoding=\"async\" width=\"300\" height=\"214\" src=\"data:image\/svg+xml,%3Csvg%20xmlns%3D%27http%3A%2F%2Fwww.w3.org%2F2000%2Fsvg%27%20width%3D%27300%27%20height%3D%27214%27%20viewBox%3D%270%200%20300%20214%27%3E%3Crect%20width%3D%27300%27%20height%3D%27214%27%20fill-opacity%3D%220%22%2F%3E%3C%2Fsvg%3E\" data-orig-src=\"https:\/\/www.teatrostabiletorino.it\/wp-content\/uploads\/2021\/04\/signorina-300x214.jpg\" class=\"lazyload attachment-portfolio-three size-portfolio-three wp-post-image\" alt=\"\" \/><div class=\"fusion-rollover\">\n\t<div class=\"fusion-rollover-content\">\n\n\t\t\t\t\n\t\t\n\t\t\t\t\t\t\t\t\t\t\t\t<h4 class=\"fusion-rollover-title\">\n\t\t\t\t\t<a class=\"fusion-rollover-title-link\" href=\"https:\/\/www.teatrostabiletorino.it\/en\/cartellone\/signorina-felicita-ovvero-la-felicita-torino\/\">\n\t\t\t\t\t\tLa signorina Felicita ovvero la felicit\u00e0<br>11 &#8211; 16 mag 2021\t\t\t\t\t<\/a>\n\t\t\t\t<\/h4>\n\t\t\t\n\t\t\t\t\t\t\t\t\n\t\t\n\t\t\t\t\t\t<a class=\"fusion-link-wrapper\" href=\"https:\/\/www.teatrostabiletorino.it\/en\/cartellone\/signorina-felicita-ovvero-la-felicita-torino\/\" aria-label=\"La signorina Felicita ovvero la felicit\u00e0&lt;br&gt;11 &#8211; 16 mag 2021\"><\/a>\n\t<\/div>\n<\/div>\n<\/div>\n<div class=\"fusion-portfolio-content\" style=\"background-color:rgba(255,255,255,0);\"><h2 class=\"entry-title fusion-post-title\"><a href=\"https:\/\/www.teatrostabiletorino.it\/en\/cartellone\/signorina-felicita-ovvero-la-felicita-torino\/\">La signorina Felicita ovvero la felicit\u00e0<br>11 &#8211; 16 mag 2021<\/a><\/h2><div class=\"fusion-content-sep sep-single sep-dotted\" style=\"border-color:#e0dede;\"><\/div><div class=\"fusion-post-content\"><p>Tribute to Guido Gozzano One hundred years after his death, Lorena Senestro, in the role of Miss Felicita, delivers a <a href=\"https:\/\/www.teatrostabiletorino.it\/en\/cartellone\/signorina-felicita-ovvero-la-felicita-torino\/\"> [+]<\/a><\/p><\/div><\/div><\/div><\/article><article id=\"portfolio-2-post-47750\" class=\"fusion-portfolio-post 2020-21 3-gobetti-20-21 fusion-col-spacing post-47750\"><div class=\"fusion-portfolio-content-wrapper\" style=\"border:1px solid #ebeaea;border-bottom-width:3px;background-color:rgba(255,255,255,0);\"><span class=\"vcard rich-snippet-hidden\"><span class=\"fn\"><a href=\"https:\/\/www.teatrostabiletorino.it\/en\/author\/silvia\/\" title=\"Posts by silvia\" rel=\"author\">silvia<\/a><\/span><\/span><span class=\"updated rich-snippet-hidden\">2021-05-27T16:28:07+02:00<\/span><div  class=\"fusion-image-wrapper fusion-image-size-fixed\" aria-haspopup=\"true\">\n\t\t\t\t<img decoding=\"async\" width=\"300\" height=\"214\" src=\"data:image\/svg+xml,%3Csvg%20xmlns%3D%27http%3A%2F%2Fwww.w3.org%2F2000%2Fsvg%27%20width%3D%27300%27%20height%3D%27214%27%20viewBox%3D%270%200%20300%20214%27%3E%3Crect%20width%3D%27300%27%20height%3D%27214%27%20fill-opacity%3D%220%22%2F%3E%3C%2Fsvg%3E\" data-orig-src=\"https:\/\/www.teatrostabiletorino.it\/wp-content\/uploads\/2021\/04\/5-rose-jennifer-300x214.jpg\" class=\"lazyload attachment-portfolio-three size-portfolio-three wp-post-image\" alt=\"\" \/><div class=\"fusion-rollover\">\n\t<div class=\"fusion-rollover-content\">\n\n\t\t\t\t\n\t\t\n\t\t\t\t\t\t\t\t\t\t\t\t<h4 class=\"fusion-rollover-title\">\n\t\t\t\t\t<a class=\"fusion-rollover-title-link\" href=\"https:\/\/www.teatrostabiletorino.it\/en\/cartellone\/cinque-rose-jennifer-25-30-mag-2021\/\">\n\t\t\t\t\t\tLe cinque rose di Jennifer <br>18 &#8211; 23 mag 2021\t\t\t\t\t<\/a>\n\t\t\t\t<\/h4>\n\t\t\t\n\t\t\t\t\t\t\t\t\n\t\t\n\t\t\t\t\t\t<a class=\"fusion-link-wrapper\" href=\"https:\/\/www.teatrostabiletorino.it\/en\/cartellone\/cinque-rose-jennifer-25-30-mag-2021\/\" aria-label=\"Le cinque rose di Jennifer &lt;br&gt;18 &#8211; 23 mag 2021\"><\/a>\n\t<\/div>\n<\/div>\n<\/div>\n<div class=\"fusion-portfolio-content\" style=\"background-color:rgba(255,255,255,0);\"><h2 class=\"entry-title fusion-post-title\"><a href=\"https:\/\/www.teatrostabiletorino.it\/en\/cartellone\/cinque-rose-jennifer-25-30-mag-2021\/\">Le cinque rose di Jennifer <br>18 &#8211; 23 mag 2021<\/a><\/h2><div class=\"fusion-content-sep sep-single sep-dotted\" style=\"border-color:#e0dede;\"><\/div><div class=\"fusion-post-content\"><p>Sorry, this entry is only available in Italiano.Daniele Russo (Qualcuno vol\u00f2 sul nido del cuculo, Fronte del porto) interpreta il <a href=\"https:\/\/www.teatrostabiletorino.it\/en\/cartellone\/cinque-rose-jennifer-25-30-mag-2021\/\"> [+]<\/a><\/p><\/div><\/div><\/div><\/article><article id=\"portfolio-2-post-47667\" class=\"fusion-portfolio-post 2020-21 3-gobetti-20-21 fusion-col-spacing post-47667\"><div class=\"fusion-portfolio-content-wrapper\" style=\"border:1px solid #ebeaea;border-bottom-width:3px;background-color:rgba(255,255,255,0);\"><span class=\"vcard rich-snippet-hidden\"><span class=\"fn\"><a href=\"https:\/\/www.teatrostabiletorino.it\/en\/author\/silvia\/\" title=\"Posts by silvia\" rel=\"author\">silvia<\/a><\/span><\/span><span class=\"updated rich-snippet-hidden\">2021-05-31T10:09:02+02:00<\/span><div  class=\"fusion-image-wrapper fusion-image-size-fixed\" aria-haspopup=\"true\">\n\t\t\t\t<img decoding=\"async\" width=\"300\" height=\"214\" src=\"data:image\/svg+xml,%3Csvg%20xmlns%3D%27http%3A%2F%2Fwww.w3.org%2F2000%2Fsvg%27%20width%3D%27300%27%20height%3D%27214%27%20viewBox%3D%270%200%20300%20214%27%3E%3Crect%20width%3D%27300%27%20height%3D%27214%27%20fill-opacity%3D%220%22%2F%3E%3C%2Fsvg%3E\" data-orig-src=\"https:\/\/www.teatrostabiletorino.it\/wp-content\/uploads\/2021\/04\/guerritore-300x214.jpg\" class=\"lazyload attachment-portfolio-three size-portfolio-three wp-post-image\" alt=\"\" \/><div class=\"fusion-rollover\">\n\t<div class=\"fusion-rollover-content\">\n\n\t\t\t\t\n\t\t\n\t\t\t\t\t\t\t\t\t\t\t\t<h4 class=\"fusion-rollover-title\">\n\t\t\t\t\t<a class=\"fusion-rollover-title-link\" href=\"https:\/\/www.teatrostabiletorino.it\/en\/cartellone\/guerritore-inferno-paradiso\/\">\n\t\t\t\t\t\tLe cinque rose di Jennifer <br>18 &#8211; 23 mag 2021\t\t\t\t\t<\/a>\n\t\t\t\t<\/h4>\n\t\t\t\n\t\t\t\t\t\t\t\t\n\t\t\n\t\t\t\t\t\t<a class=\"fusion-link-wrapper\" href=\"https:\/\/www.teatrostabiletorino.it\/en\/cartellone\/guerritore-inferno-paradiso\/\" aria-label=\"Le cinque rose di Jennifer &lt;br&gt;18 &#8211; 23 mag 2021\"><\/a>\n\t<\/div>\n<\/div>\n<\/div>\n<div class=\"fusion-portfolio-content\" style=\"background-color:rgba(255,255,255,0);\"><h2 class=\"entry-title fusion-post-title\"><a href=\"https:\/\/www.teatrostabiletorino.it\/en\/cartellone\/guerritore-inferno-paradiso\/\">Le cinque rose di Jennifer <br>18 &#8211; 23 mag 2021<\/a><\/h2><div class=\"fusion-content-sep sep-single sep-dotted\" style=\"border-color:#e0dede;\"><\/div><div class=\"fusion-post-content\"><p>Sorry, this entry is only available in Italiano.Monica Guerritore ci conduce in un viaggio attraverso le parole di Dante e <a href=\"https:\/\/www.teatrostabiletorino.it\/en\/cartellone\/guerritore-inferno-paradiso\/\"> [+]<\/a><\/p><\/div><\/div><\/div><\/article><article id=\"portfolio-2-post-47680\" class=\"fusion-portfolio-post 2020-21 fonderie_20_21 produzioni_20_21 fusion-col-spacing post-47680\"><div class=\"fusion-portfolio-content-wrapper\" style=\"border:1px solid #ebeaea;border-bottom-width:3px;background-color:rgba(255,255,255,0);\"><span class=\"vcard rich-snippet-hidden\"><span class=\"fn\"><a href=\"https:\/\/www.teatrostabiletorino.it\/en\/author\/silvia\/\" title=\"Posts by silvia\" rel=\"author\">silvia<\/a><\/span><\/span><span class=\"updated rich-snippet-hidden\">2021-06-14T10:46:18+02:00<\/span><div  class=\"fusion-image-wrapper fusion-image-size-fixed\" aria-haspopup=\"true\">\n\t\t\t\t<img decoding=\"async\" width=\"300\" height=\"214\" src=\"data:image\/svg+xml,%3Csvg%20xmlns%3D%27http%3A%2F%2Fwww.w3.org%2F2000%2Fsvg%27%20width%3D%27300%27%20height%3D%27214%27%20viewBox%3D%270%200%20300%20214%27%3E%3Crect%20width%3D%27300%27%20height%3D%27214%27%20fill-opacity%3D%220%22%2F%3E%3C%2Fsvg%3E\" data-orig-src=\"https:\/\/www.teatrostabiletorino.it\/wp-content\/uploads\/2021\/04\/morte_commesso-viaggiatore-300x214.jpg\" class=\"lazyload attachment-portfolio-three size-portfolio-three wp-post-image\" alt=\"\" \/><div class=\"fusion-rollover\">\n\t<div class=\"fusion-rollover-content\">\n\n\t\t\t\t\n\t\t\n\t\t\t\t\t\t\t\t\t\t\t\t<h4 class=\"fusion-rollover-title\">\n\t\t\t\t\t<a class=\"fusion-rollover-title-link\" href=\"https:\/\/www.teatrostabiletorino.it\/en\/cartellone\/morte-di-un-commesso-viaggiatore\/\">\n\t\t\t\t\t\tMorte di un commesso viaggiatore <br>25 mag &#8211; 13 giu 2021\t\t\t\t\t<\/a>\n\t\t\t\t<\/h4>\n\t\t\t\n\t\t\t\t\t\t\t\t\n\t\t\n\t\t\t\t\t\t<a class=\"fusion-link-wrapper\" href=\"https:\/\/www.teatrostabiletorino.it\/en\/cartellone\/morte-di-un-commesso-viaggiatore\/\" aria-label=\"Morte di un commesso viaggiatore &lt;br&gt;25 mag &#8211; 13 giu 2021\"><\/a>\n\t<\/div>\n<\/div>\n<\/div>\n<div class=\"fusion-portfolio-content\" style=\"background-color:rgba(255,255,255,0);\"><h2 class=\"entry-title fusion-post-title\"><a href=\"https:\/\/www.teatrostabiletorino.it\/en\/cartellone\/morte-di-un-commesso-viaggiatore\/\">Morte di un commesso viaggiatore <br>25 mag &#8211; 13 giu 2021<\/a><\/h2><div class=\"fusion-content-sep sep-single sep-dotted\" style=\"border-color:#e0dede;\"><\/div><div class=\"fusion-post-content\"><p>Jurij Ferrini ha attraversato i classici con navigata esperienza, incontrando ora per la prima volta Arthur Miller, nei panni di <a href=\"https:\/\/www.teatrostabiletorino.it\/en\/cartellone\/morte-di-un-commesso-viaggiatore\/\"> [+]<\/a><\/p><\/div><\/div><\/div><\/article><article id=\"portfolio-2-post-47676\" class=\"fusion-portfolio-post 2020-21 3-gobetti-20-21 produzioni_20_21 fusion-col-spacing post-47676\"><div class=\"fusion-portfolio-content-wrapper\" style=\"border:1px solid #ebeaea;border-bottom-width:3px;background-color:rgba(255,255,255,0);\"><span class=\"vcard rich-snippet-hidden\"><span class=\"fn\"><a href=\"https:\/\/www.teatrostabiletorino.it\/en\/author\/silvia\/\" title=\"Posts by silvia\" rel=\"author\">silvia<\/a><\/span><\/span><span class=\"updated rich-snippet-hidden\">2021-06-14T10:46:21+02:00<\/span><div  class=\"fusion-image-wrapper fusion-image-size-fixed\" aria-haspopup=\"true\">\n\t\t\t\t<img decoding=\"async\" width=\"300\" height=\"214\" src=\"data:image\/svg+xml,%3Csvg%20xmlns%3D%27http%3A%2F%2Fwww.w3.org%2F2000%2Fsvg%27%20width%3D%27300%27%20height%3D%27214%27%20viewBox%3D%270%200%20300%20214%27%3E%3Crect%20width%3D%27300%27%20height%3D%27214%27%20fill-opacity%3D%220%22%2F%3E%3C%2Fsvg%3E\" data-orig-src=\"https:\/\/www.teatrostabiletorino.it\/wp-content\/uploads\/2021\/04\/Senza-titolo-1-300x214.jpg\" class=\"lazyload attachment-portfolio-three size-portfolio-three wp-post-image\" alt=\"\" \/><div class=\"fusion-rollover\">\n\t<div class=\"fusion-rollover-content\">\n\n\t\t\t\t\n\t\t\n\t\t\t\t\t\t\t\t\t\t\t\t<h4 class=\"fusion-rollover-title\">\n\t\t\t\t\t<a class=\"fusion-rollover-title-link\" href=\"https:\/\/www.teatrostabiletorino.it\/en\/cartellone\/10-mg-1-13-giugno-2021\/\">\n\t\t\t\t\t\t10mg <br>1 &#8211; 13 giu 2021\t\t\t\t\t<\/a>\n\t\t\t\t<\/h4>\n\t\t\t\n\t\t\t\t\t\t\t\t\n\t\t\n\t\t\t\t\t\t<a class=\"fusion-link-wrapper\" href=\"https:\/\/www.teatrostabiletorino.it\/en\/cartellone\/10-mg-1-13-giugno-2021\/\" aria-label=\"10mg &lt;br&gt;1 &#8211; 13 giu 2021\"><\/a>\n\t<\/div>\n<\/div>\n<\/div>\n<div class=\"fusion-portfolio-content\" style=\"background-color:rgba(255,255,255,0);\"><h2 class=\"entry-title fusion-post-title\"><a href=\"https:\/\/www.teatrostabiletorino.it\/en\/cartellone\/10-mg-1-13-giugno-2021\/\">10mg <br>1 &#8211; 13 giu 2021<\/a><\/h2><div class=\"fusion-content-sep sep-single sep-dotted\" style=\"border-color:#e0dede;\"><\/div><div class=\"fusion-post-content\"><p>Sorry, this entry is only available in Italiano.Drammaturgia della giovane Maria Teresa Berardelli, regia Elisabetta Mazzullo, 10mg \u00e8 una commedia <a href=\"https:\/\/www.teatrostabiletorino.it\/en\/cartellone\/10-mg-1-13-giugno-2021\/\"> [+]<\/a><\/p><\/div><\/div><\/div><\/article><article id=\"portfolio-2-post-47678\" class=\"fusion-portfolio-post 2020-21 carignano-20-21 fusion-col-spacing post-47678\"><div class=\"fusion-portfolio-content-wrapper\" style=\"border:1px solid #ebeaea;border-bottom-width:3px;background-color:rgba(255,255,255,0);\"><span class=\"vcard rich-snippet-hidden\"><span class=\"fn\"><a href=\"https:\/\/www.teatrostabiletorino.it\/en\/author\/silvia\/\" title=\"Posts by silvia\" rel=\"author\">silvia<\/a><\/span><\/span><span class=\"updated rich-snippet-hidden\">2021-06-14T10:46:25+02:00<\/span><div  class=\"fusion-image-wrapper fusion-image-size-fixed\" aria-haspopup=\"true\">\n\t\t\t\t<img decoding=\"async\" width=\"300\" height=\"214\" src=\"data:image\/svg+xml,%3Csvg%20xmlns%3D%27http%3A%2F%2Fwww.w3.org%2F2000%2Fsvg%27%20width%3D%27300%27%20height%3D%27214%27%20viewBox%3D%270%200%20300%20214%27%3E%3Crect%20width%3D%27300%27%20height%3D%27214%27%20fill-opacity%3D%220%22%2F%3E%3C%2Fsvg%3E\" data-orig-src=\"https:\/\/www.teatrostabiletorino.it\/wp-content\/uploads\/2021\/04\/vita-davanti-se-300x214.jpg\" class=\"lazyload attachment-portfolio-three size-portfolio-three wp-post-image\" alt=\"\" \/><div class=\"fusion-rollover\">\n\t<div class=\"fusion-rollover-content\">\n\n\t\t\t\t\n\t\t\n\t\t\t\t\t\t\t\t\t\t\t\t<h4 class=\"fusion-rollover-title\">\n\t\t\t\t\t<a class=\"fusion-rollover-title-link\" href=\"https:\/\/www.teatrostabiletorino.it\/en\/cartellone\/la-vita-davanti-a-se-1-13-giugno\/\">\n\t\t\t\t\t\tLa vita davanti a s\u00e9 <br>1 &#8211; 13 giu 2021\t\t\t\t\t<\/a>\n\t\t\t\t<\/h4>\n\t\t\t\n\t\t\t\t\t\t\t\t\n\t\t\n\t\t\t\t\t\t<a class=\"fusion-link-wrapper\" href=\"https:\/\/www.teatrostabiletorino.it\/en\/cartellone\/la-vita-davanti-a-se-1-13-giugno\/\" aria-label=\"La vita davanti a s\u00e9 &lt;br&gt;1 &#8211; 13 giu 2021\"><\/a>\n\t<\/div>\n<\/div>\n<\/div>\n<div class=\"fusion-portfolio-content\" style=\"background-color:rgba(255,255,255,0);\"><h2 class=\"entry-title fusion-post-title\"><a href=\"https:\/\/www.teatrostabiletorino.it\/en\/cartellone\/la-vita-davanti-a-se-1-13-giugno\/\">La vita davanti a s\u00e9 <br>1 &#8211; 13 giu 2021<\/a><\/h2><div class=\"fusion-content-sep sep-single sep-dotted\" style=\"border-color:#e0dede;\"><\/div><div class=\"fusion-post-content\"><p>Mom\u00f2, dieci anni e molta vita davanti, vive a pensione da Madame Rosa, ex prostituta ebrea che aiuta le colleghe <a href=\"https:\/\/www.teatrostabiletorino.it\/en\/cartellone\/la-vita-davanti-a-se-1-13-giugno\/\"> [+]<\/a><\/p><\/div><\/div><\/div><\/article><article id=\"portfolio-2-post-47673\" class=\"fusion-portfolio-post 2020-21 fonderie_20_21 produzioni_20_21 fusion-col-spacing post-47673\"><div class=\"fusion-portfolio-content-wrapper\" style=\"border:1px solid #ebeaea;border-bottom-width:3px;background-color:rgba(255,255,255,0);\"><span class=\"vcard rich-snippet-hidden\"><span class=\"fn\"><a href=\"https:\/\/www.teatrostabiletorino.it\/en\/author\/silvia\/\" title=\"Posts by silvia\" rel=\"author\">silvia<\/a><\/span><\/span><span class=\"updated rich-snippet-hidden\">2021-06-30T18:17:10+02:00<\/span><div  class=\"fusion-image-wrapper fusion-image-size-fixed\" aria-haspopup=\"true\">\n\t\t\t\t<img decoding=\"async\" width=\"300\" height=\"214\" src=\"data:image\/svg+xml,%3Csvg%20xmlns%3D%27http%3A%2F%2Fwww.w3.org%2F2000%2Fsvg%27%20width%3D%27300%27%20height%3D%27214%27%20viewBox%3D%270%200%20300%20214%27%3E%3Crect%20width%3D%27300%27%20height%3D%27214%27%20fill-opacity%3D%220%22%2F%3E%3C%2Fsvg%3E\" data-orig-src=\"https:\/\/www.teatrostabiletorino.it\/wp-content\/uploads\/2021\/04\/risveglio_web-300x214.jpg\" class=\"lazyload attachment-portfolio-three size-portfolio-three wp-post-image\" alt=\"\" \/><div class=\"fusion-rollover\">\n\t<div class=\"fusion-rollover-content\">\n\n\t\t\t\t\n\t\t\n\t\t\t\t\t\t\t\t\t\t\t\t<h4 class=\"fusion-rollover-title\">\n\t\t\t\t\t<a class=\"fusion-rollover-title-link\" href=\"https:\/\/www.teatrostabiletorino.it\/en\/cartellone\/risveglio-di-primavera-8-27-giugno\/\">\n\t\t\t\t\t\tRisveglio di primavera <br>8 &#8211; 27 giu 2021\t\t\t\t\t<\/a>\n\t\t\t\t<\/h4>\n\t\t\t\n\t\t\t\t\t\t\t\t\n\t\t\n\t\t\t\t\t\t<a class=\"fusion-link-wrapper\" href=\"https:\/\/www.teatrostabiletorino.it\/en\/cartellone\/risveglio-di-primavera-8-27-giugno\/\" aria-label=\"Risveglio di primavera &lt;br&gt;8 &#8211; 27 giu 2021\"><\/a>\n\t<\/div>\n<\/div>\n<\/div>\n<div class=\"fusion-portfolio-content\" style=\"background-color:rgba(255,255,255,0);\"><h2 class=\"entry-title fusion-post-title\"><a href=\"https:\/\/www.teatrostabiletorino.it\/en\/cartellone\/risveglio-di-primavera-8-27-giugno\/\">Risveglio di primavera <br>8 &#8211; 27 giu 2021<\/a><\/h2><div class=\"fusion-content-sep sep-single sep-dotted\" style=\"border-color:#e0dede;\"><\/div><div class=\"fusion-post-content\"><p>Sorry, this entry is only available in Italiano.Gabriele Vacis dirige gli attori neodiplomati della Scuola del Teatro Stabile di Torino <a href=\"https:\/\/www.teatrostabiletorino.it\/en\/cartellone\/risveglio-di-primavera-8-27-giugno\/\"> [+]<\/a><\/p><\/div><\/div><\/div><\/article><article id=\"portfolio-2-post-44861\" class=\"fusion-portfolio-post 2020-21 3-gobetti-20-21 fusion-col-spacing post-44861\"><div class=\"fusion-portfolio-content-wrapper\" style=\"border:1px solid #ebeaea;border-bottom-width:3px;background-color:rgba(255,255,255,0);\"><span class=\"vcard rich-snippet-hidden\"><span class=\"fn\"><a href=\"https:\/\/www.teatrostabiletorino.it\/en\/author\/silvia\/\" title=\"Posts by silvia\" rel=\"author\">silvia<\/a><\/span><\/span><span class=\"updated rich-snippet-hidden\">2021-06-30T18:17:04+02:00<\/span><div  class=\"fusion-image-wrapper fusion-image-size-fixed\" aria-haspopup=\"true\">\n\t\t\t\t<img decoding=\"async\" width=\"300\" height=\"214\" src=\"data:image\/svg+xml,%3Csvg%20xmlns%3D%27http%3A%2F%2Fwww.w3.org%2F2000%2Fsvg%27%20width%3D%27300%27%20height%3D%27214%27%20viewBox%3D%270%200%20300%20214%27%3E%3Crect%20width%3D%27300%27%20height%3D%27214%27%20fill-opacity%3D%220%22%2F%3E%3C%2Fsvg%3E\" data-orig-src=\"https:\/\/www.teatrostabiletorino.it\/wp-content\/uploads\/2020\/09\/pandora_web-300x214.jpg\" class=\"lazyload attachment-portfolio-three size-portfolio-three wp-post-image\" alt=\"\" \/><div class=\"fusion-rollover\">\n\t<div class=\"fusion-rollover-content\">\n\n\t\t\t\t\n\t\t\n\t\t\t\t\t\t\t\t\t\t\t\t<h4 class=\"fusion-rollover-title\">\n\t\t\t\t\t<a class=\"fusion-rollover-title-link\" href=\"https:\/\/www.teatrostabiletorino.it\/en\/cartellone\/pandora-torino\/\">\n\t\t\t\t\t\tPandora <br>15 &#8211; 27 giu 2021\t\t\t\t\t<\/a>\n\t\t\t\t<\/h4>\n\t\t\t\n\t\t\t\t\t\t\t\t\n\t\t\n\t\t\t\t\t\t<a class=\"fusion-link-wrapper\" href=\"https:\/\/www.teatrostabiletorino.it\/en\/cartellone\/pandora-torino\/\" aria-label=\"Pandora &lt;br&gt;15 &#8211; 27 giu 2021\"><\/a>\n\t<\/div>\n<\/div>\n<\/div>\n<div class=\"fusion-portfolio-content\" style=\"background-color:rgba(255,255,255,0);\"><h2 class=\"entry-title fusion-post-title\"><a href=\"https:\/\/www.teatrostabiletorino.it\/en\/cartellone\/pandora-torino\/\">Pandora <br>15 &#8211; 27 giu 2021<\/a><\/h2><div class=\"fusion-content-sep sep-single sep-dotted\" style=\"border-color:#e0dede;\"><\/div><div class=\"fusion-post-content\"><p>This young collective creates ironic, evocative and, above all, wordless shows: in a world stifled by chatter, silence is a <a href=\"https:\/\/www.teatrostabiletorino.it\/en\/cartellone\/pandora-torino\/\"> [+]<\/a><\/p><\/div><\/div><\/div><\/article><article id=\"portfolio-2-post-47671\" class=\"fusion-portfolio-post 2020-21 carignano-20-21 fusion-col-spacing post-47671\"><div class=\"fusion-portfolio-content-wrapper\" style=\"border:1px solid #ebeaea;border-bottom-width:3px;background-color:rgba(255,255,255,0);\"><span class=\"vcard rich-snippet-hidden\"><span class=\"fn\"><a href=\"https:\/\/www.teatrostabiletorino.it\/en\/author\/silvia\/\" title=\"Posts by silvia\" rel=\"author\">silvia<\/a><\/span><\/span><span class=\"updated rich-snippet-hidden\">2021-06-30T18:16:57+02:00<\/span><div  class=\"fusion-image-wrapper fusion-image-size-fixed\" aria-haspopup=\"true\">\n\t\t\t\t<img decoding=\"async\" width=\"300\" height=\"214\" src=\"data:image\/svg+xml,%3Csvg%20xmlns%3D%27http%3A%2F%2Fwww.w3.org%2F2000%2Fsvg%27%20width%3D%27300%27%20height%3D%27214%27%20viewBox%3D%270%200%20300%20214%27%3E%3Crect%20width%3D%27300%27%20height%3D%27214%27%20fill-opacity%3D%220%22%2F%3E%3C%2Fsvg%3E\" data-orig-src=\"https:\/\/www.teatrostabiletorino.it\/wp-content\/uploads\/2021\/04\/leggi-gravita-300x214.jpg\" class=\"lazyload attachment-portfolio-three size-portfolio-three wp-post-image\" alt=\"\" \/><div class=\"fusion-rollover\">\n\t<div class=\"fusion-rollover-content\">\n\n\t\t\t\t\n\t\t\n\t\t\t\t\t\t\t\t\t\t\t\t<h4 class=\"fusion-rollover-title\">\n\t\t\t\t\t<a class=\"fusion-rollover-title-link\" href=\"https:\/\/www.teatrostabiletorino.it\/en\/cartellone\/le-leggi-della-gravita-15-27-giu-2021\/\">\n\t\t\t\t\t\tLe leggi della gravit\u00e0 <br>15 &#8211; 27 giu 2021\t\t\t\t\t<\/a>\n\t\t\t\t<\/h4>\n\t\t\t\n\t\t\t\t\t\t\t\t\n\t\t\n\t\t\t\t\t\t<a class=\"fusion-link-wrapper\" href=\"https:\/\/www.teatrostabiletorino.it\/en\/cartellone\/le-leggi-della-gravita-15-27-giu-2021\/\" aria-label=\"Le leggi della gravit\u00e0 &lt;br&gt;15 &#8211; 27 giu 2021\"><\/a>\n\t<\/div>\n<\/div>\n<\/div>\n<div class=\"fusion-portfolio-content\" style=\"background-color:rgba(255,255,255,0);\"><h2 class=\"entry-title fusion-post-title\"><a href=\"https:\/\/www.teatrostabiletorino.it\/en\/cartellone\/le-leggi-della-gravita-15-27-giu-2021\/\">Le leggi della gravit\u00e0 <br>15 &#8211; 27 giu 2021<\/a><\/h2><div class=\"fusion-content-sep sep-single sep-dotted\" style=\"border-color:#e0dede;\"><\/div><div class=\"fusion-post-content\"><p>Sorry, this entry is only available in Italiano.Una donna chiede di essere arrestata per aver ucciso il marito, un caso <a href=\"https:\/\/www.teatrostabiletorino.it\/en\/cartellone\/le-leggi-della-gravita-15-27-giu-2021\/\"> [+]<\/a><\/p><\/div><\/div><\/div><\/article><article id=\"portfolio-2-post-47669\" class=\"fusion-portfolio-post 2020-21 carignano-20-21 fusion-col-spacing post-47669\"><div class=\"fusion-portfolio-content-wrapper\" style=\"border:1px solid #ebeaea;border-bottom-width:3px;background-color:rgba(255,255,255,0);\"><span class=\"vcard rich-snippet-hidden\"><span class=\"fn\"><a href=\"https:\/\/www.teatrostabiletorino.it\/en\/author\/silvia\/\" title=\"Posts by silvia\" rel=\"author\">silvia<\/a><\/span><\/span><span class=\"updated rich-snippet-hidden\">2022-12-09T14:00:12+01:00<\/span><div  class=\"fusion-image-wrapper fusion-image-size-fixed\" aria-haspopup=\"true\">\n\t\t\t\t<img decoding=\"async\" width=\"300\" height=\"214\" src=\"data:image\/svg+xml,%3Csvg%20xmlns%3D%27http%3A%2F%2Fwww.w3.org%2F2000%2Fsvg%27%20width%3D%27300%27%20height%3D%27214%27%20viewBox%3D%270%200%20300%20214%27%3E%3Crect%20width%3D%27300%27%20height%3D%27214%27%20fill-opacity%3D%220%22%2F%3E%3C%2Fsvg%3E\" data-orig-src=\"https:\/\/www.teatrostabiletorino.it\/wp-content\/uploads\/2021\/04\/molto-rumore-per-nulla-300x214.jpg\" class=\"lazyload attachment-portfolio-three size-portfolio-three wp-post-image\" alt=\"\" \/><div class=\"fusion-rollover\">\n\t<div class=\"fusion-rollover-content\">\n\n\t\t\t\t\n\t\t\n\t\t\t\t\t\t\t\t\t\t\t\t<h4 class=\"fusion-rollover-title\">\n\t\t\t\t\t<a class=\"fusion-rollover-title-link\" href=\"https:\/\/www.teatrostabiletorino.it\/en\/cartellone\/prato-inglese-6-luglio-8-agosto-2021\/\">\n\t\t\t\t\t\tMolto rumore per nulla \/ Prato inglese <br> 6 lug &#8211; 8 ago 2021\t\t\t\t\t<\/a>\n\t\t\t\t<\/h4>\n\t\t\t\n\t\t\t\t\t\t\t\t\n\t\t\n\t\t\t\t\t\t<a class=\"fusion-link-wrapper\" href=\"https:\/\/www.teatrostabiletorino.it\/en\/cartellone\/prato-inglese-6-luglio-8-agosto-2021\/\" aria-label=\"Molto rumore per nulla \/ Prato inglese &lt;br&gt; 6 lug &#8211; 8 ago 2021\"><\/a>\n\t<\/div>\n<\/div>\n<\/div>\n<div class=\"fusion-portfolio-content\" style=\"background-color:rgba(255,255,255,0);\"><h2 class=\"entry-title fusion-post-title\"><a href=\"https:\/\/www.teatrostabiletorino.it\/en\/cartellone\/prato-inglese-6-luglio-8-agosto-2021\/\">Molto rumore per nulla \/ Prato inglese <br> 6 lug &#8211; 8 ago 2021<\/a><\/h2><div class=\"fusion-content-sep sep-single sep-dotted\" style=\"border-color:#e0dede;\"><\/div><div class=\"fusion-post-content\"><p>Sorry, this entry is only available in Italiano.Alla sua terza edizione, Prato inglese si conferma un appuntamento imperdibile per l\u2019estate <a href=\"https:\/\/www.teatrostabiletorino.it\/en\/cartellone\/prato-inglese-6-luglio-8-agosto-2021\/\"> [+]<\/a><\/p><\/div><\/div><\/div><\/article><article id=\"portfolio-2-post-48098\" class=\"fusion-portfolio-post 2020-21 carignano-20-21 produzioni_20_21 fusion-col-spacing post-48098\"><div class=\"fusion-portfolio-content-wrapper\" style=\"border:1px solid #ebeaea;border-bottom-width:3px;background-color:rgba(255,255,255,0);\"><span class=\"vcard rich-snippet-hidden\"><span class=\"fn\"><a href=\"https:\/\/www.teatrostabiletorino.it\/en\/author\/silvia\/\" title=\"Posts by silvia\" rel=\"author\">silvia<\/a><\/span><\/span><span class=\"updated rich-snippet-hidden\">2021-07-15T15:53:57+02:00<\/span><div  class=\"fusion-image-wrapper fusion-image-size-fixed\" aria-haspopup=\"true\">\n\t\t\t\t<img decoding=\"async\" width=\"300\" height=\"214\" src=\"data:image\/svg+xml,%3Csvg%20xmlns%3D%27http%3A%2F%2Fwww.w3.org%2F2000%2Fsvg%27%20width%3D%27300%27%20height%3D%27214%27%20viewBox%3D%270%200%20300%20214%27%3E%3Crect%20width%3D%27300%27%20height%3D%27214%27%20fill-opacity%3D%220%22%2F%3E%3C%2Fsvg%3E\" data-orig-src=\"https:\/\/www.teatrostabiletorino.it\/wp-content\/uploads\/2021\/04\/staff_only-1-300x214.jpg\" class=\"lazyload attachment-portfolio-three size-portfolio-three wp-post-image\" alt=\"\" \/><div class=\"fusion-rollover\">\n\t<div class=\"fusion-rollover-content\">\n\n\t\t\t\t\n\t\t\n\t\t\t\t\t\t\t\t\t\t\t\t<h4 class=\"fusion-rollover-title\">\n\t\t\t\t\t<a class=\"fusion-rollover-title-link\" href=\"https:\/\/www.teatrostabiletorino.it\/en\/cartellone\/staff-only-i-mestieri-del-teatro-12-lug-1-ago-2021\/\">\n\t\t\t\t\t\tStaff Only. I mestieri del teatro <br>12 lug &#8211; 1 ago 2021\t\t\t\t\t<\/a>\n\t\t\t\t<\/h4>\n\t\t\t\n\t\t\t\t\t\t\t\t\n\t\t\n\t\t\t\t\t\t<a class=\"fusion-link-wrapper\" href=\"https:\/\/www.teatrostabiletorino.it\/en\/cartellone\/staff-only-i-mestieri-del-teatro-12-lug-1-ago-2021\/\" aria-label=\"Staff Only. I mestieri del teatro &lt;br&gt;12 lug &#8211; 1 ago 2021\"><\/a>\n\t<\/div>\n<\/div>\n<\/div>\n<div class=\"fusion-portfolio-content\" style=\"background-color:rgba(255,255,255,0);\"><h2 class=\"entry-title fusion-post-title\"><a href=\"https:\/\/www.teatrostabiletorino.it\/en\/cartellone\/staff-only-i-mestieri-del-teatro-12-lug-1-ago-2021\/\">Staff Only. I mestieri del teatro <br>12 lug &#8211; 1 ago 2021<\/a><\/h2><div class=\"fusion-content-sep sep-single sep-dotted\" style=\"border-color:#e0dede;\"><\/div><div class=\"fusion-post-content\"><p>Sorry, this entry is only available in Italiano.Immaginiamo cosa accadrebbe a un attore rimasto magicamente prigioniero tra la linea del <a href=\"https:\/\/www.teatrostabiletorino.it\/en\/cartellone\/staff-only-i-mestieri-del-teatro-12-lug-1-ago-2021\/\"> [+]<\/a><\/p><\/div><\/div><\/div><\/article><\/div><\/div><div class=\"fusion-sep-clear\"><\/div><div class=\"fusion-separator fusion-full-width-sep\" style=\"margin-left: auto;margin-right: auto;margin-top:20px;margin-bottom:20px;width:100%;\"><\/div><div class=\"fusion-sep-clear\"><\/div><div class=\"fusion-clearfix\"><\/div><\/div><\/div><\/div><\/div><div class=\"fusion-fullwidth fullwidth-box fusion-builder-row-4 nonhundred-percent-fullwidth non-hundred-percent-height-scrolling\" style=\"--awb-border-radius-top-left:0px;--awb-border-radius-top-right:0px;--awb-border-radius-bottom-right:0px;--awb-border-radius-bottom-left:0px;--awb-flex-wrap:wrap;\" ><div class=\"fusion-builder-row fusion-row\"><div class=\"fusion-layout-column fusion_builder_column fusion-builder-column-3 fusion_builder_column_1_1 1_1 fusion-one-full fusion-column-first fusion-column-last\" style=\"--awb-bg-size:cover;\"><div class=\"fusion-column-wrapper fusion-column-has-shadow fusion-flex-column-wrapper-legacy\"><div class=\"fusion-image-element fusion-image-align-center in-legacy-container\" style=\"text-align:center;--awb-caption-title-font-family:var(--h2_typography-font-family);--awb-caption-title-font-weight:var(--h2_typography-font-weight);--awb-caption-title-font-style:var(--h2_typography-font-style);--awb-caption-title-size:var(--h2_typography-font-size);--awb-caption-title-transform:var(--h2_typography-text-transform);--awb-caption-title-line-height:var(--h2_typography-line-height);--awb-caption-title-letter-spacing:var(--h2_typography-letter-spacing);\"><div class=\"imageframe-align-center\"><span class=\" fusion-imageframe imageframe-none imageframe-1 hover-type-none\"><img decoding=\"async\" width=\"500\" height=\"49\" title=\"summer_plays\" src=\"https:\/\/www.teatrostabiletorino.it\/wp-content\/uploads\/2021\/04\/summer_plays.png\" data-orig-src=\"http:\/\/www.teatrostabiletorino.it\/wp-content\/uploads\/2021\/04\/summer_plays.png\" alt class=\"lazyload img-responsive wp-image-48095\" srcset=\"data:image\/svg+xml,%3Csvg%20xmlns%3D%27http%3A%2F%2Fwww.w3.org%2F2000%2Fsvg%27%20width%3D%27500%27%20height%3D%2749%27%20viewBox%3D%270%200%20500%2049%27%3E%3Crect%20width%3D%27500%27%20height%3D%2749%27%20fill-opacity%3D%220%22%2F%3E%3C%2Fsvg%3E\" data-srcset=\"https:\/\/www.teatrostabiletorino.it\/wp-content\/uploads\/2021\/04\/summer_plays-200x20.png 200w, https:\/\/www.teatrostabiletorino.it\/wp-content\/uploads\/2021\/04\/summer_plays-400x39.png 400w, https:\/\/www.teatrostabiletorino.it\/wp-content\/uploads\/2021\/04\/summer_plays.png 500w\" data-sizes=\"auto\" data-orig-sizes=\"(max-width: 800px) 100vw, 500px\" \/><\/span><\/div><\/div><div class=\"fusion-sep-clear\"><\/div><div class=\"fusion-separator fusion-full-width-sep\" style=\"margin-left: auto;margin-right: auto;margin-top:10px;margin-bottom:10px;width:100%;\"><\/div><div class=\"fusion-sep-clear\"><\/div><style type=\"text\/css\">.fusion-portfolio-wrapper#fusion-portfolio-3 .fusion-portfolio-content{ padding: 25px 25px 25px 25px; text-align: center; }<\/style><div class=\"fusion-recent-works fusion-portfolio-element fusion-portfolio fusion-portfolio-3 fusion-portfolio-grid fusion-portfolio-paging-pagination fusion-portfolio-five fusion-portfolio-boxed fusion-portfolio-text fusion-portfolio-equal-heights fusion-portfolio-rollover\" data-id=\"-rw-3\" data-columns=\"five\"><style type=\"text\/css\">.fusion-portfolio-3 .fusion-portfolio-wrapper .fusion-col-spacing{padding:6px;}<\/style><div class=\"fusion-portfolio-wrapper\" id=\"fusion-portfolio-3\" data-picturesize=\"auto\" data-pages=\"1\" style=\"margin:-6px;\"><article id=\"portfolio-3-post-47987\" class=\"fusion-portfolio-post cielo-su-torino fusion-col-spacing post-47987\"><div class=\"fusion-portfolio-content-wrapper\" style=\"border:1px solid #ebeaea;border-bottom-width:3px;background-color:rgba(255,255,255,0);\"><span class=\"vcard rich-snippet-hidden\"><span class=\"fn\"><a href=\"https:\/\/www.teatrostabiletorino.it\/en\/author\/silvia\/\" title=\"Posts by silvia\" rel=\"author\">silvia<\/a><\/span><\/span><span class=\"updated rich-snippet-hidden\">2021-07-01T12:13:31+02:00<\/span><div  class=\"fusion-image-wrapper\" aria-haspopup=\"true\">\n\t\t\t\t<img decoding=\"async\" width=\"700\" height=\"356\" src=\"https:\/\/www.teatrostabiletorino.it\/wp-content\/uploads\/2021\/04\/buon_appetito.jpg\" class=\"attachment-full size-full lazyload wp-post-image\" alt=\"\" srcset=\"data:image\/svg+xml,%3Csvg%20xmlns%3D%27http%3A%2F%2Fwww.w3.org%2F2000%2Fsvg%27%20width%3D%27700%27%20height%3D%27356%27%20viewBox%3D%270%200%20700%20356%27%3E%3Crect%20width%3D%27700%27%20height%3D%27356%27%20fill-opacity%3D%220%22%2F%3E%3C%2Fsvg%3E\" data-orig-src=\"https:\/\/www.teatrostabiletorino.it\/wp-content\/uploads\/2021\/04\/buon_appetito.jpg\" data-srcset=\"https:\/\/www.teatrostabiletorino.it\/wp-content\/uploads\/2021\/04\/buon_appetito-200x102.jpg 200w, https:\/\/www.teatrostabiletorino.it\/wp-content\/uploads\/2021\/04\/buon_appetito-400x203.jpg 400w, https:\/\/www.teatrostabiletorino.it\/wp-content\/uploads\/2021\/04\/buon_appetito-600x305.jpg 600w, https:\/\/www.teatrostabiletorino.it\/wp-content\/uploads\/2021\/04\/buon_appetito.jpg 700w\" data-sizes=\"auto\" \/><div class=\"fusion-rollover\">\n\t<div class=\"fusion-rollover-content\">\n\n\t\t\t\t\n\t\t\n\t\t\t\t\t\t\t\t\t\t\t\t<h4 class=\"fusion-rollover-title\">\n\t\t\t\t\t<a class=\"fusion-rollover-title-link\" href=\"https:\/\/www.teatrostabiletorino.it\/en\/cartellone\/buon-appetito\/\">\n\t\t\t\t\t\tBuon appetito<br>29 &#8211; 30 giu 2021\t\t\t\t\t<\/a>\n\t\t\t\t<\/h4>\n\t\t\t\n\t\t\t\t\t\t\t\t\n\t\t\n\t\t\t\t\t\t<a class=\"fusion-link-wrapper\" href=\"https:\/\/www.teatrostabiletorino.it\/en\/cartellone\/buon-appetito\/\" aria-label=\"Buon appetito&lt;br&gt;29 &#8211; 30 giu 2021\"><\/a>\n\t<\/div>\n<\/div>\n<\/div>\n<div class=\"fusion-portfolio-content\" style=\"background-color:rgba(255,255,255,0);\"><h2 class=\"entry-title fusion-post-title\"><a href=\"https:\/\/www.teatrostabiletorino.it\/en\/cartellone\/buon-appetito\/\">Buon appetito<br>29 &#8211; 30 giu 2021<\/a><\/h2><div class=\"fusion-post-content\"><\/div><\/div><\/div><\/article><article id=\"portfolio-3-post-47985\" class=\"fusion-portfolio-post cielo-su-torino fusion-col-spacing post-47985\"><div class=\"fusion-portfolio-content-wrapper\" style=\"border:1px solid #ebeaea;border-bottom-width:3px;background-color:rgba(255,255,255,0);\"><span class=\"vcard rich-snippet-hidden\"><span class=\"fn\"><a href=\"https:\/\/www.teatrostabiletorino.it\/en\/author\/silvia\/\" title=\"Posts by silvia\" rel=\"author\">silvia<\/a><\/span><\/span><span class=\"updated rich-snippet-hidden\">2021-07-05T10:21:37+02:00<\/span><div  class=\"fusion-image-wrapper\" aria-haspopup=\"true\">\n\t\t\t\t<img decoding=\"async\" width=\"700\" height=\"356\" src=\"https:\/\/www.teatrostabiletorino.it\/wp-content\/uploads\/2021\/04\/marco-gobetti-130-repliche.png\" class=\"attachment-full size-full lazyload wp-post-image\" alt=\"\" srcset=\"data:image\/svg+xml,%3Csvg%20xmlns%3D%27http%3A%2F%2Fwww.w3.org%2F2000%2Fsvg%27%20width%3D%27700%27%20height%3D%27356%27%20viewBox%3D%270%200%20700%20356%27%3E%3Crect%20width%3D%27700%27%20height%3D%27356%27%20fill-opacity%3D%220%22%2F%3E%3C%2Fsvg%3E\" data-orig-src=\"https:\/\/www.teatrostabiletorino.it\/wp-content\/uploads\/2021\/04\/marco-gobetti-130-repliche.png\" data-srcset=\"https:\/\/www.teatrostabiletorino.it\/wp-content\/uploads\/2021\/04\/marco-gobetti-130-repliche-200x102.png 200w, https:\/\/www.teatrostabiletorino.it\/wp-content\/uploads\/2021\/04\/marco-gobetti-130-repliche-400x203.png 400w, https:\/\/www.teatrostabiletorino.it\/wp-content\/uploads\/2021\/04\/marco-gobetti-130-repliche-600x305.png 600w, https:\/\/www.teatrostabiletorino.it\/wp-content\/uploads\/2021\/04\/marco-gobetti-130-repliche.png 700w\" data-sizes=\"auto\" \/><div class=\"fusion-rollover\">\n\t<div class=\"fusion-rollover-content\">\n\n\t\t\t\t\n\t\t\n\t\t\t\t\t\t\t\t\t\t\t\t<h4 class=\"fusion-rollover-title\">\n\t\t\t\t\t<a class=\"fusion-rollover-title-link\" href=\"https:\/\/www.teatrostabiletorino.it\/en\/cartellone\/130-repliche-de-il-nome-della-rosa-teatro-del-riciclo\/\">\n\t\t\t\t\t\t130 repliche de il nome della rosa &#8211; Teatro di riciclo\u00ae <br>1 &#8211; 3 lug 2021\t\t\t\t\t<\/a>\n\t\t\t\t<\/h4>\n\t\t\t\n\t\t\t\t\t\t\t\t\n\t\t\n\t\t\t\t\t\t<a class=\"fusion-link-wrapper\" href=\"https:\/\/www.teatrostabiletorino.it\/en\/cartellone\/130-repliche-de-il-nome-della-rosa-teatro-del-riciclo\/\" aria-label=\"130 repliche de il nome della rosa &#8211; Teatro di riciclo\u00ae &lt;br&gt;1 &#8211; 3 lug 2021\"><\/a>\n\t<\/div>\n<\/div>\n<\/div>\n<div class=\"fusion-portfolio-content\" style=\"background-color:rgba(255,255,255,0);\"><h2 class=\"entry-title fusion-post-title\"><a href=\"https:\/\/www.teatrostabiletorino.it\/en\/cartellone\/130-repliche-de-il-nome-della-rosa-teatro-del-riciclo\/\">130 repliche de il nome della rosa &#8211; Teatro di riciclo\u00ae <br>1 &#8211; 3 lug 2021<\/a><\/h2><div class=\"fusion-post-content\"><\/div><\/div><\/div><\/article><article id=\"portfolio-3-post-47983\" class=\"fusion-portfolio-post cielo-su-torino fusion-col-spacing post-47983\"><div class=\"fusion-portfolio-content-wrapper\" style=\"border:1px solid #ebeaea;border-bottom-width:3px;background-color:rgba(255,255,255,0);\"><span class=\"vcard rich-snippet-hidden\"><span class=\"fn\"><a href=\"https:\/\/www.teatrostabiletorino.it\/en\/author\/silvia\/\" title=\"Posts by silvia\" rel=\"author\">silvia<\/a><\/span><\/span><span class=\"updated rich-snippet-hidden\">2021-07-07T15:46:23+02:00<\/span><div  class=\"fusion-image-wrapper\" aria-haspopup=\"true\">\n\t\t\t\t<img decoding=\"async\" width=\"700\" height=\"356\" src=\"https:\/\/www.teatrostabiletorino.it\/wp-content\/uploads\/2021\/04\/altra_parte.jpg\" class=\"attachment-full size-full lazyload wp-post-image\" alt=\"\" srcset=\"data:image\/svg+xml,%3Csvg%20xmlns%3D%27http%3A%2F%2Fwww.w3.org%2F2000%2Fsvg%27%20width%3D%27700%27%20height%3D%27356%27%20viewBox%3D%270%200%20700%20356%27%3E%3Crect%20width%3D%27700%27%20height%3D%27356%27%20fill-opacity%3D%220%22%2F%3E%3C%2Fsvg%3E\" data-orig-src=\"https:\/\/www.teatrostabiletorino.it\/wp-content\/uploads\/2021\/04\/altra_parte.jpg\" data-srcset=\"https:\/\/www.teatrostabiletorino.it\/wp-content\/uploads\/2021\/04\/altra_parte-200x102.jpg 200w, https:\/\/www.teatrostabiletorino.it\/wp-content\/uploads\/2021\/04\/altra_parte-400x203.jpg 400w, https:\/\/www.teatrostabiletorino.it\/wp-content\/uploads\/2021\/04\/altra_parte-600x305.jpg 600w, https:\/\/www.teatrostabiletorino.it\/wp-content\/uploads\/2021\/04\/altra_parte.jpg 700w\" data-sizes=\"auto\" \/><div class=\"fusion-rollover\">\n\t<div class=\"fusion-rollover-content\">\n\n\t\t\t\t\n\t\t\n\t\t\t\t\t\t\t\t\t\t\t\t<h4 class=\"fusion-rollover-title\">\n\t\t\t\t\t<a class=\"fusion-rollover-title-link\" href=\"https:\/\/www.teatrostabiletorino.it\/en\/cartellone\/dallaltra-parte\/\">\n\t\t\t\t\t\tDall\u2019altra parte<br>5 &#8211; 6 lug 2021\t\t\t\t\t<\/a>\n\t\t\t\t<\/h4>\n\t\t\t\n\t\t\t\t\t\t\t\t\n\t\t\n\t\t\t\t\t\t<a class=\"fusion-link-wrapper\" href=\"https:\/\/www.teatrostabiletorino.it\/en\/cartellone\/dallaltra-parte\/\" aria-label=\"Dall\u2019altra parte&lt;br&gt;5 &#8211; 6 lug 2021\"><\/a>\n\t<\/div>\n<\/div>\n<\/div>\n<div class=\"fusion-portfolio-content\" style=\"background-color:rgba(255,255,255,0);\"><h2 class=\"entry-title fusion-post-title\"><a href=\"https:\/\/www.teatrostabiletorino.it\/en\/cartellone\/dallaltra-parte\/\">Dall\u2019altra parte<br>5 &#8211; 6 lug 2021<\/a><\/h2><div class=\"fusion-post-content\"><\/div><\/div><\/div><\/article><article id=\"portfolio-3-post-44863\" class=\"fusion-portfolio-post cielo-su-torino fusion-col-spacing post-44863\"><div class=\"fusion-portfolio-content-wrapper\" style=\"border:1px solid #ebeaea;border-bottom-width:3px;background-color:rgba(255,255,255,0);\"><span class=\"vcard rich-snippet-hidden\"><span class=\"fn\"><a href=\"https:\/\/www.teatrostabiletorino.it\/en\/author\/silvia\/\" title=\"Posts by silvia\" rel=\"author\">silvia<\/a><\/span><\/span><span class=\"updated rich-snippet-hidden\">2021-07-12T15:10:18+02:00<\/span><div  class=\"fusion-image-wrapper\" aria-haspopup=\"true\">\n\t\t\t\t<img decoding=\"async\" width=\"750\" height=\"356\" src=\"https:\/\/www.teatrostabiletorino.it\/wp-content\/uploads\/2020\/09\/furiosa.jpg\" class=\"attachment-full size-full lazyload wp-post-image\" alt=\"\" srcset=\"data:image\/svg+xml,%3Csvg%20xmlns%3D%27http%3A%2F%2Fwww.w3.org%2F2000%2Fsvg%27%20width%3D%27750%27%20height%3D%27356%27%20viewBox%3D%270%200%20750%20356%27%3E%3Crect%20width%3D%27750%27%20height%3D%27356%27%20fill-opacity%3D%220%22%2F%3E%3C%2Fsvg%3E\" data-orig-src=\"https:\/\/www.teatrostabiletorino.it\/wp-content\/uploads\/2020\/09\/furiosa.jpg\" data-srcset=\"https:\/\/www.teatrostabiletorino.it\/wp-content\/uploads\/2020\/09\/furiosa-200x95.jpg 200w, https:\/\/www.teatrostabiletorino.it\/wp-content\/uploads\/2020\/09\/furiosa-400x190.jpg 400w, https:\/\/www.teatrostabiletorino.it\/wp-content\/uploads\/2020\/09\/furiosa-600x285.jpg 600w, https:\/\/www.teatrostabiletorino.it\/wp-content\/uploads\/2020\/09\/furiosa.jpg 750w\" data-sizes=\"auto\" \/><div class=\"fusion-rollover\">\n\t<div class=\"fusion-rollover-content\">\n\n\t\t\t\t\n\t\t\n\t\t\t\t\t\t\t\t\t\t\t\t<h4 class=\"fusion-rollover-title\">\n\t\t\t\t\t<a class=\"fusion-rollover-title-link\" href=\"https:\/\/www.teatrostabiletorino.it\/en\/cartellone\/furiosa-scandinavia\/\">\n\t\t\t\t\t\tFuriosa Scandinavia<br>8 &#8211; 9 lug 2021\t\t\t\t\t<\/a>\n\t\t\t\t<\/h4>\n\t\t\t\n\t\t\t\t\t\t\t\t\n\t\t\n\t\t\t\t\t\t<a class=\"fusion-link-wrapper\" href=\"https:\/\/www.teatrostabiletorino.it\/en\/cartellone\/furiosa-scandinavia\/\" aria-label=\"Furiosa Scandinavia&lt;br&gt;8 &#8211; 9 lug 2021\"><\/a>\n\t<\/div>\n<\/div>\n<\/div>\n<div class=\"fusion-portfolio-content\" style=\"background-color:rgba(255,255,255,0);\"><h2 class=\"entry-title fusion-post-title\"><a href=\"https:\/\/www.teatrostabiletorino.it\/en\/cartellone\/furiosa-scandinavia\/\">Furiosa Scandinavia<br>8 &#8211; 9 lug 2021<\/a><\/h2><div class=\"fusion-post-content\"><\/div><\/div><\/div><\/article><article id=\"portfolio-3-post-44875\" class=\"fusion-portfolio-post cielo-su-torino fusion-col-spacing post-44875\"><div class=\"fusion-portfolio-content-wrapper\" style=\"border:1px solid #ebeaea;border-bottom-width:3px;background-color:rgba(255,255,255,0);\"><span class=\"vcard rich-snippet-hidden\"><span class=\"fn\"><a href=\"https:\/\/www.teatrostabiletorino.it\/en\/author\/silvia\/\" title=\"Posts by silvia\" rel=\"author\">silvia<\/a><\/span><\/span><span class=\"updated rich-snippet-hidden\">2021-07-14T12:07:49+02:00<\/span><div  class=\"fusion-image-wrapper\" aria-haspopup=\"true\">\n\t\t\t\t<img decoding=\"async\" width=\"700\" height=\"356\" src=\"https:\/\/www.teatrostabiletorino.it\/wp-content\/uploads\/2019\/04\/nascere_topi.jpg\" class=\"attachment-full size-full lazyload wp-post-image\" alt=\"\" srcset=\"data:image\/svg+xml,%3Csvg%20xmlns%3D%27http%3A%2F%2Fwww.w3.org%2F2000%2Fsvg%27%20width%3D%27700%27%20height%3D%27356%27%20viewBox%3D%270%200%20700%20356%27%3E%3Crect%20width%3D%27700%27%20height%3D%27356%27%20fill-opacity%3D%220%22%2F%3E%3C%2Fsvg%3E\" data-orig-src=\"https:\/\/www.teatrostabiletorino.it\/wp-content\/uploads\/2019\/04\/nascere_topi.jpg\" data-srcset=\"https:\/\/www.teatrostabiletorino.it\/wp-content\/uploads\/2019\/04\/nascere_topi-200x102.jpg 200w, https:\/\/www.teatrostabiletorino.it\/wp-content\/uploads\/2019\/04\/nascere_topi-400x203.jpg 400w, https:\/\/www.teatrostabiletorino.it\/wp-content\/uploads\/2019\/04\/nascere_topi-600x305.jpg 600w, https:\/\/www.teatrostabiletorino.it\/wp-content\/uploads\/2019\/04\/nascere_topi.jpg 700w\" data-sizes=\"auto\" \/><div class=\"fusion-rollover\">\n\t<div class=\"fusion-rollover-content\">\n\n\t\t\t\t\n\t\t\n\t\t\t\t\t\t\t\t\t\t\t\t<h4 class=\"fusion-rollover-title\">\n\t\t\t\t\t<a class=\"fusion-rollover-title-link\" href=\"https:\/\/www.teatrostabiletorino.it\/en\/cartellone\/era-meglio-nascere-topi-11-12-luglio-2021\/\">\n\t\t\t\t\t\tIt Would Have Been Better To Be Born Mice <br>1st &#8211; 2nd Dec 2020\t\t\t\t\t<\/a>\n\t\t\t\t<\/h4>\n\t\t\t\n\t\t\t\t\t\t\t\t\n\t\t\n\t\t\t\t\t\t<a class=\"fusion-link-wrapper\" href=\"https:\/\/www.teatrostabiletorino.it\/en\/cartellone\/era-meglio-nascere-topi-11-12-luglio-2021\/\" aria-label=\"It Would Have Been Better To Be Born Mice &lt;br&gt;1st &#8211; 2nd Dec 2020\"><\/a>\n\t<\/div>\n<\/div>\n<\/div>\n<div class=\"fusion-portfolio-content\" style=\"background-color:rgba(255,255,255,0);\"><h2 class=\"entry-title fusion-post-title\"><a href=\"https:\/\/www.teatrostabiletorino.it\/en\/cartellone\/era-meglio-nascere-topi-11-12-luglio-2021\/\">It Would Have Been Better To Be Born Mice <br>1st &#8211; 2nd Dec 2020<\/a><\/h2><div class=\"fusion-post-content\"><\/div><\/div><\/div><\/article><article id=\"portfolio-3-post-48809\" class=\"fusion-portfolio-post cielo-su-torino fusion-col-spacing post-48809\"><div class=\"fusion-portfolio-content-wrapper\" style=\"border:1px solid #ebeaea;border-bottom-width:3px;background-color:rgba(255,255,255,0);\"><span class=\"vcard rich-snippet-hidden\"><span class=\"fn\"><a href=\"https:\/\/www.teatrostabiletorino.it\/en\/author\/silvia\/\" title=\"Posts by silvia\" rel=\"author\">silvia<\/a><\/span><\/span><span class=\"updated rich-snippet-hidden\">2021-07-20T08:09:06+02:00<\/span><div  class=\"fusion-image-wrapper\" aria-haspopup=\"true\">\n\t\t\t\t<img decoding=\"async\" width=\"700\" height=\"356\" src=\"https:\/\/www.teatrostabiletorino.it\/wp-content\/uploads\/2021\/04\/ballata.jpg\" class=\"attachment-full size-full lazyload wp-post-image\" alt=\"\" srcset=\"data:image\/svg+xml,%3Csvg%20xmlns%3D%27http%3A%2F%2Fwww.w3.org%2F2000%2Fsvg%27%20width%3D%27700%27%20height%3D%27356%27%20viewBox%3D%270%200%20700%20356%27%3E%3Crect%20width%3D%27700%27%20height%3D%27356%27%20fill-opacity%3D%220%22%2F%3E%3C%2Fsvg%3E\" data-orig-src=\"https:\/\/www.teatrostabiletorino.it\/wp-content\/uploads\/2021\/04\/ballata.jpg\" data-srcset=\"https:\/\/www.teatrostabiletorino.it\/wp-content\/uploads\/2021\/04\/ballata-200x102.jpg 200w, https:\/\/www.teatrostabiletorino.it\/wp-content\/uploads\/2021\/04\/ballata-400x203.jpg 400w, https:\/\/www.teatrostabiletorino.it\/wp-content\/uploads\/2021\/04\/ballata-600x305.jpg 600w, https:\/\/www.teatrostabiletorino.it\/wp-content\/uploads\/2021\/04\/ballata.jpg 700w\" data-sizes=\"auto\" \/><div class=\"fusion-rollover\">\n\t<div class=\"fusion-rollover-content\">\n\n\t\t\t\t\n\t\t\n\t\t\t\t\t\t\t\t\t\t\t\t<h4 class=\"fusion-rollover-title\">\n\t\t\t\t\t<a class=\"fusion-rollover-title-link\" href=\"https:\/\/www.teatrostabiletorino.it\/en\/cartellone\/ballata-per-il-minotauro-13-14-lug-2021\/\">\n\t\t\t\t\t\tBallata per Minotauro <br>13 &#8211; 14 lug 2021\t\t\t\t\t<\/a>\n\t\t\t\t<\/h4>\n\t\t\t\n\t\t\t\t\t\t\t\t\n\t\t\n\t\t\t\t\t\t<a class=\"fusion-link-wrapper\" href=\"https:\/\/www.teatrostabiletorino.it\/en\/cartellone\/ballata-per-il-minotauro-13-14-lug-2021\/\" aria-label=\"Ballata per Minotauro &lt;br&gt;13 &#8211; 14 lug 2021\"><\/a>\n\t<\/div>\n<\/div>\n<\/div>\n<div class=\"fusion-portfolio-content\" style=\"background-color:rgba(255,255,255,0);\"><h2 class=\"entry-title fusion-post-title\"><a href=\"https:\/\/www.teatrostabiletorino.it\/en\/cartellone\/ballata-per-il-minotauro-13-14-lug-2021\/\">Ballata per Minotauro <br>13 &#8211; 14 lug 2021<\/a><\/h2><div class=\"fusion-post-content\"><\/div><\/div><\/div><\/article><article id=\"portfolio-3-post-47981\" class=\"fusion-portfolio-post cielo-su-torino fusion-col-spacing post-47981\"><div class=\"fusion-portfolio-content-wrapper\" style=\"border:1px solid #ebeaea;border-bottom-width:3px;background-color:rgba(255,255,255,0);\"><span class=\"vcard rich-snippet-hidden\"><span class=\"fn\"><a href=\"https:\/\/www.teatrostabiletorino.it\/en\/author\/silvia\/\" title=\"Posts by silvia\" rel=\"author\">silvia<\/a><\/span><\/span><span class=\"updated rich-snippet-hidden\">2021-07-20T08:08:05+02:00<\/span><div  class=\"fusion-image-wrapper\" aria-haspopup=\"true\">\n\t\t\t\t<img decoding=\"async\" width=\"700\" height=\"356\" src=\"https:\/\/www.teatrostabiletorino.it\/wp-content\/uploads\/2021\/04\/butterfly.jpg\" class=\"attachment-full size-full lazyload wp-post-image\" alt=\"\" srcset=\"data:image\/svg+xml,%3Csvg%20xmlns%3D%27http%3A%2F%2Fwww.w3.org%2F2000%2Fsvg%27%20width%3D%27700%27%20height%3D%27356%27%20viewBox%3D%270%200%20700%20356%27%3E%3Crect%20width%3D%27700%27%20height%3D%27356%27%20fill-opacity%3D%220%22%2F%3E%3C%2Fsvg%3E\" data-orig-src=\"https:\/\/www.teatrostabiletorino.it\/wp-content\/uploads\/2021\/04\/butterfly.jpg\" data-srcset=\"https:\/\/www.teatrostabiletorino.it\/wp-content\/uploads\/2021\/04\/butterfly-200x102.jpg 200w, https:\/\/www.teatrostabiletorino.it\/wp-content\/uploads\/2021\/04\/butterfly-400x203.jpg 400w, https:\/\/www.teatrostabiletorino.it\/wp-content\/uploads\/2021\/04\/butterfly-600x305.jpg 600w, https:\/\/www.teatrostabiletorino.it\/wp-content\/uploads\/2021\/04\/butterfly.jpg 700w\" data-sizes=\"auto\" \/><div class=\"fusion-rollover\">\n\t<div class=\"fusion-rollover-content\">\n\n\t\t\t\t\n\t\t\n\t\t\t\t\t\t\t\t\t\t\t\t<h4 class=\"fusion-rollover-title\">\n\t\t\t\t\t<a class=\"fusion-rollover-title-link\" href=\"https:\/\/www.teatrostabiletorino.it\/en\/cartellone\/1983-butterfly\/\">\n\t\t\t\t\t\t1983 Butterfly<br>16 &#8211; 18 lug 2021\t\t\t\t\t<\/a>\n\t\t\t\t<\/h4>\n\t\t\t\n\t\t\t\t\t\t\t\t\n\t\t\n\t\t\t\t\t\t<a class=\"fusion-link-wrapper\" href=\"https:\/\/www.teatrostabiletorino.it\/en\/cartellone\/1983-butterfly\/\" aria-label=\"1983 Butterfly&lt;br&gt;16 &#8211; 18 lug 2021\"><\/a>\n\t<\/div>\n<\/div>\n<\/div>\n<div class=\"fusion-portfolio-content\" style=\"background-color:rgba(255,255,255,0);\"><h2 class=\"entry-title fusion-post-title\"><a href=\"https:\/\/www.teatrostabiletorino.it\/en\/cartellone\/1983-butterfly\/\">1983 Butterfly<br>16 &#8211; 18 lug 2021<\/a><\/h2><div class=\"fusion-post-content\"><\/div><\/div><\/div><\/article><article id=\"portfolio-3-post-47979\" class=\"fusion-portfolio-post cielo-su-torino fusion-col-spacing post-47979\"><div class=\"fusion-portfolio-content-wrapper\" style=\"border:1px solid #ebeaea;border-bottom-width:3px;background-color:rgba(255,255,255,0);\"><span class=\"vcard rich-snippet-hidden\"><span class=\"fn\"><a href=\"https:\/\/www.teatrostabiletorino.it\/en\/author\/silvia\/\" title=\"Posts by silvia\" rel=\"author\">silvia<\/a><\/span><\/span><span class=\"updated rich-snippet-hidden\">2021-07-23T14:13:09+02:00<\/span><div  class=\"fusion-image-wrapper\" aria-haspopup=\"true\">\n\t\t\t\t<img decoding=\"async\" width=\"700\" height=\"356\" src=\"https:\/\/www.teatrostabiletorino.it\/wp-content\/uploads\/2021\/04\/arte_vivere_morire-1.jpg\" class=\"attachment-full size-full lazyload wp-post-image\" alt=\"\" srcset=\"data:image\/svg+xml,%3Csvg%20xmlns%3D%27http%3A%2F%2Fwww.w3.org%2F2000%2Fsvg%27%20width%3D%27700%27%20height%3D%27356%27%20viewBox%3D%270%200%20700%20356%27%3E%3Crect%20width%3D%27700%27%20height%3D%27356%27%20fill-opacity%3D%220%22%2F%3E%3C%2Fsvg%3E\" data-orig-src=\"https:\/\/www.teatrostabiletorino.it\/wp-content\/uploads\/2021\/04\/arte_vivere_morire-1.jpg\" data-srcset=\"https:\/\/www.teatrostabiletorino.it\/wp-content\/uploads\/2021\/04\/arte_vivere_morire-1-200x102.jpg 200w, https:\/\/www.teatrostabiletorino.it\/wp-content\/uploads\/2021\/04\/arte_vivere_morire-1-400x203.jpg 400w, https:\/\/www.teatrostabiletorino.it\/wp-content\/uploads\/2021\/04\/arte_vivere_morire-1-600x305.jpg 600w, https:\/\/www.teatrostabiletorino.it\/wp-content\/uploads\/2021\/04\/arte_vivere_morire-1.jpg 700w\" data-sizes=\"auto\" \/><div class=\"fusion-rollover\">\n\t<div class=\"fusion-rollover-content\">\n\n\t\t\t\t\n\t\t\n\t\t\t\t\t\t\t\t\t\t\t\t<h4 class=\"fusion-rollover-title\">\n\t\t\t\t\t<a class=\"fusion-rollover-title-link\" href=\"https:\/\/www.teatrostabiletorino.it\/en\/cartellone\/larte-del-vivere-e-del-morire\/\">\n\t\t\t\t\t\tL\u2019arte del vivere e del morire <br>20 &#8211; 22 lug 2021\t\t\t\t\t<\/a>\n\t\t\t\t<\/h4>\n\t\t\t\n\t\t\t\t\t\t\t\t\n\t\t\n\t\t\t\t\t\t<a class=\"fusion-link-wrapper\" href=\"https:\/\/www.teatrostabiletorino.it\/en\/cartellone\/larte-del-vivere-e-del-morire\/\" aria-label=\"L\u2019arte del vivere e del morire &lt;br&gt;20 &#8211; 22 lug 2021\"><\/a>\n\t<\/div>\n<\/div>\n<\/div>\n<div class=\"fusion-portfolio-content\" style=\"background-color:rgba(255,255,255,0);\"><h2 class=\"entry-title fusion-post-title\"><a href=\"https:\/\/www.teatrostabiletorino.it\/en\/cartellone\/larte-del-vivere-e-del-morire\/\">L\u2019arte del vivere e del morire <br>20 &#8211; 22 lug 2021<\/a><\/h2><div class=\"fusion-post-content\"><\/div><\/div><\/div><\/article><article id=\"portfolio-3-post-47977\" class=\"fusion-portfolio-post cielo-su-torino fusion-col-spacing post-47977\"><div class=\"fusion-portfolio-content-wrapper\" style=\"border:1px solid #ebeaea;border-bottom-width:3px;background-color:rgba(255,255,255,0);\"><span class=\"vcard rich-snippet-hidden\"><span class=\"fn\"><a href=\"https:\/\/www.teatrostabiletorino.it\/en\/author\/silvia\/\" title=\"Posts by silvia\" rel=\"author\">silvia<\/a><\/span><\/span><span class=\"updated rich-snippet-hidden\">2021-07-26T16:35:47+02:00<\/span><div  class=\"fusion-image-wrapper\" aria-haspopup=\"true\">\n\t\t\t\t<img decoding=\"async\" width=\"700\" height=\"356\" src=\"https:\/\/www.teatrostabiletorino.it\/wp-content\/uploads\/2021\/04\/un_pianeta_web.jpg\" class=\"attachment-full size-full lazyload wp-post-image\" alt=\"\" srcset=\"data:image\/svg+xml,%3Csvg%20xmlns%3D%27http%3A%2F%2Fwww.w3.org%2F2000%2Fsvg%27%20width%3D%27700%27%20height%3D%27356%27%20viewBox%3D%270%200%20700%20356%27%3E%3Crect%20width%3D%27700%27%20height%3D%27356%27%20fill-opacity%3D%220%22%2F%3E%3C%2Fsvg%3E\" data-orig-src=\"https:\/\/www.teatrostabiletorino.it\/wp-content\/uploads\/2021\/04\/un_pianeta_web.jpg\" data-srcset=\"https:\/\/www.teatrostabiletorino.it\/wp-content\/uploads\/2021\/04\/un_pianeta_web-200x102.jpg 200w, https:\/\/www.teatrostabiletorino.it\/wp-content\/uploads\/2021\/04\/un_pianeta_web-400x203.jpg 400w, https:\/\/www.teatrostabiletorino.it\/wp-content\/uploads\/2021\/04\/un_pianeta_web-600x305.jpg 600w, https:\/\/www.teatrostabiletorino.it\/wp-content\/uploads\/2021\/04\/un_pianeta_web.jpg 700w\" data-sizes=\"auto\" \/><div class=\"fusion-rollover\">\n\t<div class=\"fusion-rollover-content\">\n\n\t\t\t\t\n\t\t\n\t\t\t\t\t\t\t\t\t\t\t\t<h4 class=\"fusion-rollover-title\">\n\t\t\t\t\t<a class=\"fusion-rollover-title-link\" href=\"https:\/\/www.teatrostabiletorino.it\/en\/cartellone\/un-pianeta-ci-vuole-ce-nessuno\/\">\n\t\t\t\t\t\tUn pianeta ci vuole. C\u2019\u00e8 nessuno?<br>24 &#8211; 25 lug 2021\t\t\t\t\t<\/a>\n\t\t\t\t<\/h4>\n\t\t\t\n\t\t\t\t\t\t\t\t\n\t\t\n\t\t\t\t\t\t<a class=\"fusion-link-wrapper\" href=\"https:\/\/www.teatrostabiletorino.it\/en\/cartellone\/un-pianeta-ci-vuole-ce-nessuno\/\" aria-label=\"Un pianeta ci vuole. C\u2019\u00e8 nessuno?&lt;br&gt;24 &#8211; 25 lug 2021\"><\/a>\n\t<\/div>\n<\/div>\n<\/div>\n<div class=\"fusion-portfolio-content\" style=\"background-color:rgba(255,255,255,0);\"><h2 class=\"entry-title fusion-post-title\"><a href=\"https:\/\/www.teatrostabiletorino.it\/en\/cartellone\/un-pianeta-ci-vuole-ce-nessuno\/\">Un pianeta ci vuole. C\u2019\u00e8 nessuno?<br>24 &#8211; 25 lug 2021<\/a><\/h2><div class=\"fusion-post-content\"><\/div><\/div><\/div><\/article><article id=\"portfolio-3-post-47975\" class=\"fusion-portfolio-post cielo-su-torino fusion-col-spacing post-47975\"><div class=\"fusion-portfolio-content-wrapper\" style=\"border:1px solid #ebeaea;border-bottom-width:3px;background-color:rgba(255,255,255,0);\"><span class=\"vcard rich-snippet-hidden\"><span class=\"fn\"><a href=\"https:\/\/www.teatrostabiletorino.it\/en\/author\/silvia\/\" title=\"Posts by silvia\" rel=\"author\">silvia<\/a><\/span><\/span><span class=\"updated rich-snippet-hidden\">2021-08-02T11:10:50+02:00<\/span><div  class=\"fusion-image-wrapper\" aria-haspopup=\"true\">\n\t\t\t\t<img decoding=\"async\" width=\"700\" height=\"356\" src=\"https:\/\/www.teatrostabiletorino.it\/wp-content\/uploads\/2021\/04\/hela.jpg\" class=\"attachment-full size-full lazyload wp-post-image\" alt=\"\" srcset=\"data:image\/svg+xml,%3Csvg%20xmlns%3D%27http%3A%2F%2Fwww.w3.org%2F2000%2Fsvg%27%20width%3D%27700%27%20height%3D%27356%27%20viewBox%3D%270%200%20700%20356%27%3E%3Crect%20width%3D%27700%27%20height%3D%27356%27%20fill-opacity%3D%220%22%2F%3E%3C%2Fsvg%3E\" data-orig-src=\"https:\/\/www.teatrostabiletorino.it\/wp-content\/uploads\/2021\/04\/hela.jpg\" data-srcset=\"https:\/\/www.teatrostabiletorino.it\/wp-content\/uploads\/2021\/04\/hela-200x102.jpg 200w, https:\/\/www.teatrostabiletorino.it\/wp-content\/uploads\/2021\/04\/hela-400x203.jpg 400w, https:\/\/www.teatrostabiletorino.it\/wp-content\/uploads\/2021\/04\/hela-600x305.jpg 600w, https:\/\/www.teatrostabiletorino.it\/wp-content\/uploads\/2021\/04\/hela.jpg 700w\" data-sizes=\"auto\" \/><div class=\"fusion-rollover\">\n\t<div class=\"fusion-rollover-content\">\n\n\t\t\t\t\n\t\t\n\t\t\t\t\t\t\t\t\t\t\t\t<h4 class=\"fusion-rollover-title\">\n\t\t\t\t\t<a class=\"fusion-rollover-title-link\" href=\"https:\/\/www.teatrostabiletorino.it\/en\/cartellone\/hela-ovvero-limmortalita-di-henrietta-lacks\/\">\n\t\t\t\t\t\tHeLa ovvero l\u2019immortalit\u00e0 di Henrietta Lacks <br>28 &#8211; 29 lug 2021\t\t\t\t\t<\/a>\n\t\t\t\t<\/h4>\n\t\t\t\n\t\t\t\t\t\t\t\t\n\t\t\n\t\t\t\t\t\t<a class=\"fusion-link-wrapper\" href=\"https:\/\/www.teatrostabiletorino.it\/en\/cartellone\/hela-ovvero-limmortalita-di-henrietta-lacks\/\" aria-label=\"HeLa ovvero l\u2019immortalit\u00e0 di Henrietta Lacks &lt;br&gt;28 &#8211; 29 lug 2021\"><\/a>\n\t<\/div>\n<\/div>\n<\/div>\n<div class=\"fusion-portfolio-content\" style=\"background-color:rgba(255,255,255,0);\"><h2 class=\"entry-title fusion-post-title\"><a href=\"https:\/\/www.teatrostabiletorino.it\/en\/cartellone\/hela-ovvero-limmortalita-di-henrietta-lacks\/\">HeLa ovvero l\u2019immortalit\u00e0 di Henrietta Lacks <br>28 &#8211; 29 lug 2021<\/a><\/h2><div class=\"fusion-post-content\"><\/div><\/div><\/div><\/article><article id=\"portfolio-3-post-44869\" class=\"fusion-portfolio-post cielo-su-torino fusion-col-spacing post-44869\"><div class=\"fusion-portfolio-content-wrapper\" style=\"border:1px solid #ebeaea;border-bottom-width:3px;background-color:rgba(255,255,255,0);\"><span class=\"vcard rich-snippet-hidden\"><span class=\"fn\"><a href=\"https:\/\/www.teatrostabiletorino.it\/en\/author\/silvia\/\" title=\"Posts by silvia\" rel=\"author\">silvia<\/a><\/span><\/span><span class=\"updated rich-snippet-hidden\">2021-08-02T11:10:56+02:00<\/span><div  class=\"fusion-image-wrapper\" aria-haspopup=\"true\">\n\t\t\t\t<img decoding=\"async\" width=\"700\" height=\"356\" src=\"https:\/\/www.teatrostabiletorino.it\/wp-content\/uploads\/2019\/04\/consorte.jpg\" class=\"attachment-full size-full lazyload wp-post-image\" alt=\"\" srcset=\"data:image\/svg+xml,%3Csvg%20xmlns%3D%27http%3A%2F%2Fwww.w3.org%2F2000%2Fsvg%27%20width%3D%27700%27%20height%3D%27356%27%20viewBox%3D%270%200%20700%20356%27%3E%3Crect%20width%3D%27700%27%20height%3D%27356%27%20fill-opacity%3D%220%22%2F%3E%3C%2Fsvg%3E\" data-orig-src=\"https:\/\/www.teatrostabiletorino.it\/wp-content\/uploads\/2019\/04\/consorte.jpg\" data-srcset=\"https:\/\/www.teatrostabiletorino.it\/wp-content\/uploads\/2019\/04\/consorte-200x102.jpg 200w, https:\/\/www.teatrostabiletorino.it\/wp-content\/uploads\/2019\/04\/consorte-400x203.jpg 400w, https:\/\/www.teatrostabiletorino.it\/wp-content\/uploads\/2019\/04\/consorte-600x305.jpg 600w, https:\/\/www.teatrostabiletorino.it\/wp-content\/uploads\/2019\/04\/consorte.jpg 700w\" data-sizes=\"auto\" \/><div class=\"fusion-rollover\">\n\t<div class=\"fusion-rollover-content\">\n\n\t\t\t\t\n\t\t\n\t\t\t\t\t\t\t\t\t\t\t\t<h4 class=\"fusion-rollover-title\">\n\t\t\t\t\t<a class=\"fusion-rollover-title-link\" href=\"https:\/\/www.teatrostabiletorino.it\/en\/cartellone\/con-sorte-30-31luglio-2021\/\">\n\t\t\t\t\t\tCon sorte <br>30 &#8211; 31 lug 2021\t\t\t\t\t<\/a>\n\t\t\t\t<\/h4>\n\t\t\t\n\t\t\t\t\t\t\t\t\n\t\t\n\t\t\t\t\t\t<a class=\"fusion-link-wrapper\" href=\"https:\/\/www.teatrostabiletorino.it\/en\/cartellone\/con-sorte-30-31luglio-2021\/\" aria-label=\"Con sorte &lt;br&gt;30 &#8211; 31 lug 2021\"><\/a>\n\t<\/div>\n<\/div>\n<\/div>\n<div class=\"fusion-portfolio-content\" style=\"background-color:rgba(255,255,255,0);\"><h2 class=\"entry-title fusion-post-title\"><a href=\"https:\/\/www.teatrostabiletorino.it\/en\/cartellone\/con-sorte-30-31luglio-2021\/\">Con sorte <br>30 &#8211; 31 lug 2021<\/a><\/h2><div class=\"fusion-post-content\"><\/div><\/div><\/div><\/article><article id=\"portfolio-3-post-44873\" class=\"fusion-portfolio-post cielo-su-torino fusion-col-spacing post-44873\"><div class=\"fusion-portfolio-content-wrapper\" style=\"border:1px solid #ebeaea;border-bottom-width:3px;background-color:rgba(255,255,255,0);\"><span class=\"vcard rich-snippet-hidden\"><span class=\"fn\"><a href=\"https:\/\/www.teatrostabiletorino.it\/en\/author\/silvia\/\" title=\"Posts by silvia\" rel=\"author\">silvia<\/a><\/span><\/span><span class=\"updated rich-snippet-hidden\">2025-10-20T10:41:13+02:00<\/span><div  class=\"fusion-image-wrapper\" aria-haspopup=\"true\">\n\t\t\t\t<img decoding=\"async\" width=\"700\" height=\"356\" src=\"https:\/\/www.teatrostabiletorino.it\/wp-content\/uploads\/2019\/05\/uomodonna.jpg\" class=\"attachment-full size-full lazyload wp-post-image\" alt=\"\" srcset=\"data:image\/svg+xml,%3Csvg%20xmlns%3D%27http%3A%2F%2Fwww.w3.org%2F2000%2Fsvg%27%20width%3D%27700%27%20height%3D%27356%27%20viewBox%3D%270%200%20700%20356%27%3E%3Crect%20width%3D%27700%27%20height%3D%27356%27%20fill-opacity%3D%220%22%2F%3E%3C%2Fsvg%3E\" data-orig-src=\"https:\/\/www.teatrostabiletorino.it\/wp-content\/uploads\/2019\/05\/uomodonna.jpg\" data-srcset=\"https:\/\/www.teatrostabiletorino.it\/wp-content\/uploads\/2019\/05\/uomodonna-200x102.jpg 200w, https:\/\/www.teatrostabiletorino.it\/wp-content\/uploads\/2019\/05\/uomodonna-400x203.jpg 400w, https:\/\/www.teatrostabiletorino.it\/wp-content\/uploads\/2019\/05\/uomodonna-600x305.jpg 600w, https:\/\/www.teatrostabiletorino.it\/wp-content\/uploads\/2019\/05\/uomodonna.jpg 700w\" data-sizes=\"auto\" \/><div class=\"fusion-rollover\">\n\t<div class=\"fusion-rollover-content\">\n\n\t\t\t\t\n\t\t\n\t\t\t\t\t\t\t\t\t\t\t\t<h4 class=\"fusion-rollover-title\">\n\t\t\t\t\t<a class=\"fusion-rollover-title-link\" href=\"https:\/\/www.teatrostabiletorino.it\/en\/cartellone\/signorina-lei-e-un-maschio-o-una-femmina-13-14-luglio-2021\/\">\n\t\t\t\t\t\tSignorina lei \u00e8 un maschio o una femmina <br>3 &#8211; 4 ago 2021\t\t\t\t\t<\/a>\n\t\t\t\t<\/h4>\n\t\t\t\n\t\t\t\t\t\t\t\t\n\t\t\n\t\t\t\t\t\t<a class=\"fusion-link-wrapper\" href=\"https:\/\/www.teatrostabiletorino.it\/en\/cartellone\/signorina-lei-e-un-maschio-o-una-femmina-13-14-luglio-2021\/\" aria-label=\"Signorina lei \u00e8 un maschio o una femmina &lt;br&gt;3 &#8211; 4 ago 2021\"><\/a>\n\t<\/div>\n<\/div>\n<\/div>\n<div class=\"fusion-portfolio-content\" style=\"background-color:rgba(255,255,255,0);\"><h2 class=\"entry-title fusion-post-title\"><a href=\"https:\/\/www.teatrostabiletorino.it\/en\/cartellone\/signorina-lei-e-un-maschio-o-una-femmina-13-14-luglio-2021\/\">Signorina lei \u00e8 un maschio o una femmina <br>3 &#8211; 4 ago 2021<\/a><\/h2><div class=\"fusion-post-content\"><\/div><\/div><\/div><\/article><\/div><\/div><div class=\"fusion-sep-clear\"><\/div><div class=\"fusion-separator fusion-full-width-sep\" style=\"margin-left: auto;margin-right: auto;margin-top:10px;margin-bottom:10px;width:100%;\"><\/div><div class=\"fusion-sep-clear\"><\/div><div class=\"fusion-text fusion-text-6\"><h1>I biglietti per <i>Molto rumore per nulla<\/i> e per gli spettacoli inseriti all\u2019interno della rassegna Summer Plays<br \/>\nsaranno in vendita a partire dal 20 maggio 2021.<\/h1>\n<\/div><div class=\"fusion-clearfix\"><\/div><\/div><\/div><\/div><\/div><\/p>","protected":false},"excerpt":{"rendered":"","protected":false},"author":1,"featured_media":0,"parent":0,"menu_order":0,"comment_status":"closed","ping_status":"closed","template":"100-width.php","meta":{"_acf_changed":false,"footnotes":""},"acf":[],"_links":{"self":[{"href":"https:\/\/www.teatrostabiletorino.it\/en\/wp-json\/wp\/v2\/pages\/44850"}],"collection":[{"href":"https:\/\/www.teatrostabiletorino.it\/en\/wp-json\/wp\/v2\/pages"}],"about":[{"href":"https:\/\/www.teatrostabiletorino.it\/en\/wp-json\/wp\/v2\/types\/page"}],"author":[{"embeddable":true,"href":"https:\/\/www.teatrostabiletorino.it\/en\/wp-json\/wp\/v2\/users\/1"}],"replies":[{"embeddable":true,"href":"https:\/\/www.teatrostabiletorino.it\/en\/wp-json\/wp\/v2\/comments?post=44850"}],"version-history":[{"count":0,"href":"https:\/\/www.teatrostabiletorino.it\/en\/wp-json\/wp\/v2\/pages\/44850\/revisions"}],"wp:attachment":[{"href":"https:\/\/www.teatrostabiletorino.it\/en\/wp-json\/wp\/v2\/media?parent=44850"}],"curies":[{"name":"wp","href":"https:\/\/api.w.org\/{rel}","templated":true}]}}